{"id":174,"date":"2014-11-17T10:32:00","date_gmt":"2014-11-17T09:32:00","guid":{"rendered":"http:\/\/www.segura-artiste-peintre.fr\/?page_id=174"},"modified":"2024-06-18T07:42:06","modified_gmt":"2024-06-18T06:42:06","slug":"mentions-legales","status":"publish","type":"page","link":"https:\/\/segura-artiste-peintre.fr\/?page_id=174","title":{"rendered":"Mentions l\u00e9gales"},"content":{"rendered":"<header class=\"entry-header\">\n<h1 class=\"entry-title\"><\/h1>\n<\/header>\n<div class=\"entry-content\">\n<p>Tous droits r\u00e9serv\u00e9s <strong>Jean-Fran\u00e7ois Segura<\/strong>, Les noms cit\u00e9s sur ce site Internet sont des marques d\u00e9pos\u00e9es ou des marques commerciales appartenant \u00e0 leurs propri\u00e9taires respectifs. L\u2019auteur du site d\u00e9cline toute responsabilit\u00e9 pouvant provenir de l\u2019usage des donn\u00e9es ou programmes figurant dans ce site.<\/p>\n<p><strong>Jean-Fran\u00e7ois Segura<\/strong> est tous droits r\u00e9serv\u00e9s. Cette oeuvre est donc prot\u00e9g\u00e9e par les lois internationales sur le droit d\u2019auteur et la protection de la propri\u00e9t\u00e9 intellectuelle.<br \/>\nIl est strictement interdit de la reproduire, dans sa forme ou son contenu, totalement ou partiellement, sans un accord \u00e9crit de son auteur, <strong>Jean-Fran\u00e7ois Segura<\/strong>.<\/p>\n<p>La loi du 11 Mars 1957, n\u2019autorisant, au terme des alin\u00e9as 2 et 3 de l\u2019article 4, d\u2019une part, que \u00ab\u00a0les copies ou reproductions strictement r\u00e9serv\u00e9es \u00e0 l\u2019usage priv\u00e9 du copiste et non destin\u00e9es \u00e0 une utilisation collective\u00a0\u00bb et, d\u2019autre part, que les analyses et les courtes citations dans un but d\u2019exemple et d\u2019illustration, \u00ab\u00a0toute repr\u00e9sentation ou reproduction, int\u00e9grale ou partielle, faite sans le consentement de l\u2019auteur ou de ses ayants droit ou ayants cause, est illicite\u00a0\u00bb (alin\u00e9a premier de l\u2019article 40). Cette repr\u00e9sentation ou reproduction, constituerait donc une contrefa\u00e7on sanctionn\u00e9e par les articles 425 et suivants du Code P\u00e9nal.<\/p>\n<\/div>\n","protected":false},"excerpt":{"rendered":"<p>Tous droits r\u00e9serv\u00e9s Jean-Fran\u00e7ois Segura, Les noms cit\u00e9s sur ce site Internet sont des marques d\u00e9pos\u00e9es ou des marques commerciales appartenant \u00e0 leurs propri\u00e9taires respectifs. L\u2019auteur du site d\u00e9cline toute responsabilit\u00e9 pouvant provenir de l\u2019usage des donn\u00e9es ou programmes figurant dans ce site. Jean-Fran\u00e7ois Segura est tous droits r\u00e9serv\u00e9s. Cette oeuvre est donc prot\u00e9g\u00e9e par [&hellip;]<\/p>\n","protected":false},"author":1,"featured_media":0,"parent":0,"menu_order":0,"comment_status":"closed","ping_status":"open","template":"","meta":{"footnotes":""},"class_list":["post-174","page","type-page","status-publish","hentry"],"_links":{"self":[{"href":"https:\/\/segura-artiste-peintre.fr\/index.php?rest_route=\/wp\/v2\/pages\/174","targetHints":{"allow":["GET"]}}],"collection":[{"href":"https:\/\/segura-artiste-peintre.fr\/index.php?rest_route=\/wp\/v2\/pages"}],"about":[{"href":"https:\/\/segura-artiste-peintre.fr\/index.php?rest_route=\/wp\/v2\/types\/page"}],"author":[{"embeddable":true,"href":"https:\/\/segura-artiste-peintre.fr\/index.php?rest_route=\/wp\/v2\/users\/1"}],"replies":[{"embeddable":true,"href":"https:\/\/segura-artiste-peintre.fr\/index.php?rest_route=%2Fwp%2Fv2%2Fcomments&post=174"}],"version-history":[{"count":1,"href":"https:\/\/segura-artiste-peintre.fr\/index.php?rest_route=\/wp\/v2\/pages\/174\/revisions"}],"predecessor-version":[{"id":175,"href":"https:\/\/segura-artiste-peintre.fr\/index.php?rest_route=\/wp\/v2\/pages\/174\/revisions\/175"}],"wp:attachment":[{"href":"https:\/\/segura-artiste-peintre.fr\/index.php?rest_route=%2Fwp%2Fv2%2Fmedia&parent=174"}],"curies":[{"name":"wp","href":"https:\/\/api.w.org\/{rel}","templated":true}]}}