{"id":48,"date":"2023-11-13T09:38:23","date_gmt":"2023-11-13T08:38:23","guid":{"rendered":"http:\/\/www.segura-artiste-peintre.fr\/?page_id=48"},"modified":"2025-11-30T19:08:42","modified_gmt":"2025-11-30T18:08:42","slug":"galerie","status":"publish","type":"page","link":"https:\/\/segura-artiste-peintre.fr\/?page_id=48","title":{"rendered":"Galerie"},"content":{"rendered":"<div id='gallery-1' class='gallery galleryid-48 gallery-columns-6 gallery-size-thumbnail'><figure class='gallery-item'>\n\t\t\t<div class='gallery-icon landscape'>\n\t\t\t\t<a href='https:\/\/segura-artiste-peintre.fr\/wp-content\/uploads\/2025\/09\/les-solitudes-100x81-cm-scaled.jpg'><img loading=\"lazy\" decoding=\"async\" width=\"150\" height=\"150\" src=\"https:\/\/segura-artiste-peintre.fr\/wp-content\/uploads\/2025\/09\/les-solitudes-100x81-cm-150x150.jpg\" class=\"attachment-thumbnail size-thumbnail\" alt=\"\" \/><\/a>\n\t\t\t<\/div><\/figure><figure class='gallery-item'>\n\t\t\t<div class='gallery-icon landscape'>\n\t\t\t\t<a href='https:\/\/segura-artiste-peintre.fr\/wp-content\/uploads\/2025\/09\/les-souvenirs-92x73cm-scaled.jpg'><img loading=\"lazy\" decoding=\"async\" width=\"150\" height=\"150\" src=\"https:\/\/segura-artiste-peintre.fr\/wp-content\/uploads\/2025\/09\/les-souvenirs-92x73cm-150x150.jpg\" class=\"attachment-thumbnail size-thumbnail\" alt=\"\" \/><\/a>\n\t\t\t<\/div><\/figure><figure class='gallery-item'>\n\t\t\t<div class='gallery-icon landscape'>\n\t\t\t\t<a href='https:\/\/segura-artiste-peintre.fr\/wp-content\/uploads\/2023\/09\/la-rencontre-92x73cm-scaled.jpg'><img loading=\"lazy\" decoding=\"async\" width=\"150\" height=\"150\" src=\"https:\/\/segura-artiste-peintre.fr\/wp-content\/uploads\/2023\/09\/la-rencontre-92x73cm-150x150.jpg\" class=\"attachment-thumbnail size-thumbnail\" alt=\"\" \/><\/a>\n\t\t\t<\/div><\/figure><figure class='gallery-item'>\n\t\t\t<div class='gallery-icon landscape'>\n\t\t\t\t<a href='https:\/\/segura-artiste-peintre.fr\/wp-content\/uploads\/2024\/12\/le-souffleur-de-reveries-100x89-cm-scaled.jpg'><img loading=\"lazy\" decoding=\"async\" width=\"150\" height=\"150\" src=\"https:\/\/segura-artiste-peintre.fr\/wp-content\/uploads\/2024\/12\/le-souffleur-de-reveries-100x89-cm-150x150.jpg\" class=\"attachment-thumbnail size-thumbnail\" alt=\"\" \/><\/a>\n\t\t\t<\/div><\/figure><figure class='gallery-item'>\n\t\t\t<div class='gallery-icon landscape'>\n\t\t\t\t<a href='https:\/\/segura-artiste-peintre.fr\/wp-content\/uploads\/2025\/09\/les-hommes-92x73-cm-scaled.jpg'><img loading=\"lazy\" decoding=\"async\" width=\"150\" height=\"150\" src=\"https:\/\/segura-artiste-peintre.fr\/wp-content\/uploads\/2025\/09\/les-hommes-92x73-cm-150x150.jpg\" class=\"attachment-thumbnail size-thumbnail\" alt=\"\" \/><\/a>\n\t\t\t<\/div><\/figure><figure class='gallery-item'>\n\t\t\t<div class='gallery-icon landscape'>\n\t\t\t\t<a href='https:\/\/segura-artiste-peintre.fr\/wp-content\/uploads\/2023\/07\/le-cueilleur-de-poussi\u00e8res-d\u00e9toiles-65x81cm-scaled.jpg'><img loading=\"lazy\" decoding=\"async\" width=\"150\" height=\"150\" src=\"https:\/\/segura-artiste-peintre.fr\/wp-content\/uploads\/2023\/07\/le-cueilleur-de-poussi\u00e8res-d\u00e9toiles-65x81cm-150x150.jpg\" class=\"attachment-thumbnail size-thumbnail\" alt=\"\" \/><\/a>\n\t\t\t<\/div><\/figure><figure class='gallery-item'>\n\t\t\t<div class='gallery-icon landscape'>\n\t\t\t\t<a href='https:\/\/segura-artiste-peintre.fr\/wp-content\/uploads\/2023\/07\/les-3-semeurs-d\u00e9toiles-92x73cm-scaled.jpg'><img loading=\"lazy\" decoding=\"async\" width=\"150\" height=\"150\" src=\"https:\/\/segura-artiste-peintre.fr\/wp-content\/uploads\/2023\/07\/les-3-semeurs-d\u00e9toiles-92x73cm-150x150.jpg\" class=\"attachment-thumbnail size-thumbnail\" alt=\"\" \/><\/a>\n\t\t\t<\/div><\/figure><figure class='gallery-item'>\n\t\t\t<div class='gallery-icon landscape'>\n\t\t\t\t<a href='https:\/\/segura-artiste-peintre.fr\/wp-content\/uploads\/2023\/07\/le-voyage-nocturne-de-la-montb\u00e9liarde-65x81cm-scaled.jpg'><img loading=\"lazy\" decoding=\"async\" width=\"150\" height=\"150\" src=\"https:\/\/segura-artiste-peintre.fr\/wp-content\/uploads\/2023\/07\/le-voyage-nocturne-de-la-montb\u00e9liarde-65x81cm-150x150.jpg\" class=\"attachment-thumbnail size-thumbnail\" alt=\"\" \/><\/a>\n\t\t\t<\/div><\/figure><figure class='gallery-item'>\n\t\t\t<div class='gallery-icon landscape'>\n\t\t\t\t<a href='https:\/\/segura-artiste-peintre.fr\/wp-content\/uploads\/2023\/07\/le-troisi\u00e8me-voyage-des-lampions-c\u00e9lestes-92x73cm-scaled.jpg'><img loading=\"lazy\" decoding=\"async\" width=\"150\" height=\"150\" src=\"https:\/\/segura-artiste-peintre.fr\/wp-content\/uploads\/2023\/07\/le-troisi\u00e8me-voyage-des-lampions-c\u00e9lestes-92x73cm-150x150.jpg\" class=\"attachment-thumbnail size-thumbnail\" alt=\"\" \/><\/a>\n\t\t\t<\/div><\/figure><figure class='gallery-item'>\n\t\t\t<div class='gallery-icon landscape'>\n\t\t\t\t<a href='https:\/\/segura-artiste-peintre.fr\/wp-content\/uploads\/2023\/06\/le-guide-100x81cm-scaled.jpg'><img loading=\"lazy\" decoding=\"async\" width=\"150\" height=\"150\" src=\"https:\/\/segura-artiste-peintre.fr\/wp-content\/uploads\/2023\/06\/le-guide-100x81cm-150x150.jpg\" class=\"attachment-thumbnail size-thumbnail\" alt=\"\" \/><\/a>\n\t\t\t<\/div><\/figure><figure class='gallery-item'>\n\t\t\t<div class='gallery-icon landscape'>\n\t\t\t\t<a href='https:\/\/segura-artiste-peintre.fr\/wp-content\/uploads\/2023\/05\/la-transmission-92x73cm.jpg'><img loading=\"lazy\" decoding=\"async\" width=\"150\" height=\"150\" src=\"https:\/\/segura-artiste-peintre.fr\/wp-content\/uploads\/2023\/05\/la-transmission-92x73cm-150x150.jpg\" class=\"attachment-thumbnail size-thumbnail\" alt=\"\" \/><\/a>\n\t\t\t<\/div><\/figure><figure class='gallery-item'>\n\t\t\t<div class='gallery-icon landscape'>\n\t\t\t\t<a href='https:\/\/segura-artiste-peintre.fr\/wp-content\/uploads\/2023\/03\/Le-pass\u00e9-92x73cm.jpg'><img loading=\"lazy\" decoding=\"async\" width=\"150\" height=\"150\" src=\"https:\/\/segura-artiste-peintre.fr\/wp-content\/uploads\/2023\/03\/Le-pass\u00e9-92x73cm-150x150.jpg\" class=\"attachment-thumbnail size-thumbnail\" alt=\"\" \/><\/a>\n\t\t\t<\/div><\/figure><figure class='gallery-item'>\n\t\t\t<div class='gallery-icon landscape'>\n\t\t\t\t<a href='https:\/\/segura-artiste-peintre.fr\/wp-content\/uploads\/2022\/11\/r\u00eaverie-sur-les-\u00e9l\u00e9ments-92x73cm-1-1-scaled.jpg'><img loading=\"lazy\" decoding=\"async\" width=\"150\" height=\"150\" src=\"https:\/\/segura-artiste-peintre.fr\/wp-content\/uploads\/2022\/11\/r\u00eaverie-sur-les-\u00e9l\u00e9ments-92x73cm-1-1-150x150.jpg\" class=\"attachment-thumbnail size-thumbnail\" alt=\"\" \/><\/a>\n\t\t\t<\/div><\/figure><figure class='gallery-item'>\n\t\t\t<div class='gallery-icon landscape'>\n\t\t\t\t<a href='https:\/\/segura-artiste-peintre.fr\/wp-content\/uploads\/2022\/10\/L-allumeur-d-\u00e9toiles-65x54cm-scaled.jpg'><img loading=\"lazy\" decoding=\"async\" width=\"150\" height=\"150\" src=\"https:\/\/segura-artiste-peintre.fr\/wp-content\/uploads\/2022\/10\/L-allumeur-d-\u00e9toiles-65x54cm-150x150.jpg\" class=\"attachment-thumbnail size-thumbnail\" alt=\"\" \/><\/a>\n\t\t\t<\/div><\/figure><figure class='gallery-item'>\n\t\t\t<div class='gallery-icon landscape'>\n\t\t\t\t<a href='https:\/\/segura-artiste-peintre.fr\/wp-content\/uploads\/2022\/10\/les-porteurs-de-lumi\u00e8res-61x50cm-scaled.jpg'><img loading=\"lazy\" decoding=\"async\" width=\"150\" height=\"150\" src=\"https:\/\/segura-artiste-peintre.fr\/wp-content\/uploads\/2022\/10\/les-porteurs-de-lumi\u00e8res-61x50cm-150x150.jpg\" class=\"attachment-thumbnail size-thumbnail\" alt=\"\" \/><\/a>\n\t\t\t<\/div><\/figure><figure class='gallery-item'>\n\t\t\t<div class='gallery-icon landscape'>\n\t\t\t\t<a href='https:\/\/segura-artiste-peintre.fr\/wp-content\/uploads\/2022\/10\/le-cueilleurs-d\u00e9toiles-100x81cm-d.jpg'><img loading=\"lazy\" decoding=\"async\" width=\"150\" height=\"150\" src=\"https:\/\/segura-artiste-peintre.fr\/wp-content\/uploads\/2022\/10\/le-cueilleurs-d\u00e9toiles-100x81cm-d-150x150.jpg\" class=\"attachment-thumbnail size-thumbnail\" alt=\"\" \/><\/a>\n\t\t\t<\/div><\/figure><figure class='gallery-item'>\n\t\t\t<div class='gallery-icon portrait'>\n\t\t\t\t<a href='https:\/\/segura-artiste-peintre.fr\/wp-content\/uploads\/2022\/08\/les-chercheurs-de-v\u00e9rit\u00e9s-55x46-1.jpg'><img loading=\"lazy\" decoding=\"async\" width=\"150\" height=\"150\" src=\"https:\/\/segura-artiste-peintre.fr\/wp-content\/uploads\/2022\/08\/les-chercheurs-de-v\u00e9rit\u00e9s-55x46-1-150x150.jpg\" class=\"attachment-thumbnail size-thumbnail\" alt=\"\" \/><\/a>\n\t\t\t<\/div><\/figure><figure class='gallery-item'>\n\t\t\t<div class='gallery-icon landscape'>\n\t\t\t\t<a href='https:\/\/segura-artiste-peintre.fr\/wp-content\/uploads\/2022\/04\/le-souffleur-d\u00e9toiles-100x81cm.jpg'><img loading=\"lazy\" decoding=\"async\" width=\"150\" height=\"150\" src=\"https:\/\/segura-artiste-peintre.fr\/wp-content\/uploads\/2022\/04\/le-souffleur-d\u00e9toiles-100x81cm-150x150.jpg\" class=\"attachment-thumbnail size-thumbnail\" alt=\"\" \/><\/a>\n\t\t\t<\/div><\/figure><figure class='gallery-item'>\n\t\t\t<div class='gallery-icon landscape'>\n\t\t\t\t<a href='https:\/\/segura-artiste-peintre.fr\/wp-content\/uploads\/2022\/04\/le-cueilleur-de-r\u00eaves-92x73-cm-1.jpg'><img loading=\"lazy\" decoding=\"async\" width=\"150\" height=\"150\" src=\"https:\/\/segura-artiste-peintre.fr\/wp-content\/uploads\/2022\/04\/le-cueilleur-de-r\u00eaves-92x73-cm-1-150x150.jpg\" class=\"attachment-thumbnail size-thumbnail\" alt=\"\" \/><\/a>\n\t\t\t<\/div><\/figure><figure class='gallery-item'>\n\t\t\t<div class='gallery-icon landscape'>\n\t\t\t\t<a href='https:\/\/segura-artiste-peintre.fr\/wp-content\/uploads\/2022\/02\/Larriv\u00e9e-du-soir-100x81cm-scaled.jpg'><img loading=\"lazy\" decoding=\"async\" width=\"150\" height=\"150\" src=\"https:\/\/segura-artiste-peintre.fr\/wp-content\/uploads\/2022\/02\/Larriv\u00e9e-du-soir-100x81cm-150x150.jpg\" class=\"attachment-thumbnail size-thumbnail\" alt=\"\" \/><\/a>\n\t\t\t<\/div><\/figure><figure class='gallery-item'>\n\t\t\t<div class='gallery-icon portrait'>\n\t\t\t\t<a href='https:\/\/segura-artiste-peintre.fr\/wp-content\/uploads\/2021\/10\/le-veilleur-cosmique-65x81cm-scaled.jpg'><img loading=\"lazy\" decoding=\"async\" width=\"150\" height=\"150\" src=\"https:\/\/segura-artiste-peintre.fr\/wp-content\/uploads\/2021\/10\/le-veilleur-cosmique-65x81cm-150x150.jpg\" class=\"attachment-thumbnail size-thumbnail\" alt=\"\" \/><\/a>\n\t\t\t<\/div><\/figure><figure class='gallery-item'>\n\t\t\t<div class='gallery-icon landscape'>\n\t\t\t\t<a href='https:\/\/segura-artiste-peintre.fr\/wp-content\/uploads\/2021\/07\/premi\u00e8re-r\u00eaverie-bleue-.jpg'><img loading=\"lazy\" decoding=\"async\" width=\"150\" height=\"150\" src=\"https:\/\/segura-artiste-peintre.fr\/wp-content\/uploads\/2021\/07\/premi\u00e8re-r\u00eaverie-bleue--150x150.jpg\" class=\"attachment-thumbnail size-thumbnail\" alt=\"\" \/><\/a>\n\t\t\t<\/div><\/figure><figure class='gallery-item'>\n\t\t\t<div class='gallery-icon portrait'>\n\t\t\t\t<a href='https:\/\/segura-artiste-peintre.fr\/wp-content\/uploads\/2021\/07\/Le-coloriste-du-soir-55x46-cm-Copie.jpg'><img loading=\"lazy\" decoding=\"async\" width=\"150\" height=\"150\" src=\"https:\/\/segura-artiste-peintre.fr\/wp-content\/uploads\/2021\/07\/Le-coloriste-du-soir-55x46-cm-Copie-150x150.jpg\" class=\"attachment-thumbnail size-thumbnail\" alt=\"\" \/><\/a>\n\t\t\t<\/div><\/figure><figure class='gallery-item'>\n\t\t\t<div class='gallery-icon landscape'>\n\t\t\t\t<a href='https:\/\/segura-artiste-peintre.fr\/wp-content\/uploads\/2021\/07\/les-cueilleurs-d\u00e9toiles.-Etude.-55x46-cm-.jpg'><img loading=\"lazy\" decoding=\"async\" width=\"150\" height=\"150\" src=\"https:\/\/segura-artiste-peintre.fr\/wp-content\/uploads\/2021\/07\/les-cueilleurs-d\u00e9toiles.-Etude.-55x46-cm--150x150.jpg\" class=\"attachment-thumbnail size-thumbnail\" alt=\"\" \/><\/a>\n\t\t\t<\/div><\/figure><figure class='gallery-item'>\n\t\t\t<div class='gallery-icon landscape'>\n\t\t\t\t<a href='https:\/\/segura-artiste-peintre.fr\/wp-content\/uploads\/2021\/04\/la-douceur-et-les-songes.jpg'><img loading=\"lazy\" decoding=\"async\" width=\"150\" height=\"150\" src=\"https:\/\/segura-artiste-peintre.fr\/wp-content\/uploads\/2021\/04\/la-douceur-et-les-songes-150x150.jpg\" class=\"attachment-thumbnail size-thumbnail\" alt=\"\" \/><\/a>\n\t\t\t<\/div><\/figure><figure class='gallery-item'>\n\t\t\t<div class='gallery-icon landscape'>\n\t\t\t\t<a href='https:\/\/segura-artiste-peintre.fr\/wp-content\/uploads\/2021\/01\/les-passeurs-d\u00e2mes-a.jpg'><img loading=\"lazy\" decoding=\"async\" width=\"150\" height=\"150\" src=\"https:\/\/segura-artiste-peintre.fr\/wp-content\/uploads\/2021\/01\/les-passeurs-d\u00e2mes-a-150x150.jpg\" class=\"attachment-thumbnail size-thumbnail\" alt=\"\" \/><\/a>\n\t\t\t<\/div><\/figure><figure class='gallery-item'>\n\t\t\t<div class='gallery-icon landscape'>\n\t\t\t\t<a href='https:\/\/segura-artiste-peintre.fr\/wp-content\/uploads\/2020\/10\/larchitecte-c\u00e9leste-1.jpg'><img loading=\"lazy\" decoding=\"async\" width=\"150\" height=\"150\" src=\"https:\/\/segura-artiste-peintre.fr\/wp-content\/uploads\/2020\/10\/larchitecte-c\u00e9leste-1-150x150.jpg\" class=\"attachment-thumbnail size-thumbnail\" alt=\"\" \/><\/a>\n\t\t\t<\/div><\/figure><figure class='gallery-item'>\n\t\t\t<div class='gallery-icon landscape'>\n\t\t\t\t<a href='https:\/\/segura-artiste-peintre.fr\/wp-content\/uploads\/2020\/10\/linstant-\u00e9ph\u00e9m\u00e8re-100x81-1.jpg'><img loading=\"lazy\" decoding=\"async\" width=\"150\" height=\"150\" src=\"https:\/\/segura-artiste-peintre.fr\/wp-content\/uploads\/2020\/10\/linstant-\u00e9ph\u00e9m\u00e8re-100x81-1-150x150.jpg\" class=\"attachment-thumbnail size-thumbnail\" alt=\"\" \/><\/a>\n\t\t\t<\/div><\/figure><figure class='gallery-item'>\n\t\t\t<div class='gallery-icon landscape'>\n\t\t\t\t<a href='https:\/\/segura-artiste-peintre.fr\/wp-content\/uploads\/2020\/10\/le-concert-des-chapeaux-pointus-2-C.jpg'><img loading=\"lazy\" decoding=\"async\" width=\"150\" height=\"150\" src=\"https:\/\/segura-artiste-peintre.fr\/wp-content\/uploads\/2020\/10\/le-concert-des-chapeaux-pointus-2-C-150x150.jpg\" class=\"attachment-thumbnail size-thumbnail\" alt=\"\" \/><\/a>\n\t\t\t<\/div><\/figure><figure class='gallery-item'>\n\t\t\t<div class='gallery-icon landscape'>\n\t\t\t\t<a href='https:\/\/segura-artiste-peintre.fr\/wp-content\/uploads\/2020\/10\/les-deux-amis-100x81-cm.jpg'><img loading=\"lazy\" decoding=\"async\" width=\"150\" height=\"150\" src=\"https:\/\/segura-artiste-peintre.fr\/wp-content\/uploads\/2020\/10\/les-deux-amis-100x81-cm-150x150.jpg\" class=\"attachment-thumbnail size-thumbnail\" alt=\"\" \/><\/a>\n\t\t\t<\/div><\/figure><figure class='gallery-item'>\n\t\t\t<div class='gallery-icon landscape'>\n\t\t\t\t<a href='https:\/\/segura-artiste-peintre.fr\/wp-content\/uploads\/2020\/10\/les-semeurs-d\u00e9toiles-100x81-cm.jpg'><img loading=\"lazy\" decoding=\"async\" width=\"150\" height=\"150\" src=\"https:\/\/segura-artiste-peintre.fr\/wp-content\/uploads\/2020\/10\/les-semeurs-d\u00e9toiles-100x81-cm-150x150.jpg\" class=\"attachment-thumbnail size-thumbnail\" alt=\"\" \/><\/a>\n\t\t\t<\/div><\/figure><figure class='gallery-item'>\n\t\t\t<div class='gallery-icon landscape'>\n\t\t\t\t<a href='https:\/\/segura-artiste-peintre.fr\/wp-content\/uploads\/2014\/11\/1.jpg'><img loading=\"lazy\" decoding=\"async\" width=\"150\" height=\"150\" src=\"https:\/\/segura-artiste-peintre.fr\/wp-content\/uploads\/2014\/11\/1-150x150.jpg\" class=\"attachment-thumbnail size-thumbnail\" alt=\"\" \/><\/a>\n\t\t\t<\/div><\/figure><figure class='gallery-item'>\n\t\t\t<div class='gallery-icon landscape'>\n\t\t\t\t<a href='https:\/\/segura-artiste-peintre.fr\/wp-content\/uploads\/2019\/05\/31-Sisyphe-Copie.jpg'><img loading=\"lazy\" decoding=\"async\" width=\"150\" height=\"150\" src=\"https:\/\/segura-artiste-peintre.fr\/wp-content\/uploads\/2019\/05\/31-Sisyphe-Copie-150x150.jpg\" class=\"attachment-thumbnail size-thumbnail\" alt=\"\" \/><\/a>\n\t\t\t<\/div><\/figure><figure class='gallery-item'>\n\t\t\t<div class='gallery-icon landscape'>\n\t\t\t\t<a href='https:\/\/segura-artiste-peintre.fr\/wp-content\/uploads\/2014\/11\/les-trois-lumi\u00e8res-92x73-cm.jpg'><img loading=\"lazy\" decoding=\"async\" width=\"150\" height=\"150\" src=\"https:\/\/segura-artiste-peintre.fr\/wp-content\/uploads\/2014\/11\/les-trois-lumi\u00e8res-92x73-cm-150x150.jpg\" class=\"attachment-thumbnail size-thumbnail\" alt=\"\" \/><\/a>\n\t\t\t<\/div><\/figure><figure class='gallery-item'>\n\t\t\t<div class='gallery-icon landscape'>\n\t\t\t\t<a href='https:\/\/segura-artiste-peintre.fr\/wp-content\/uploads\/2014\/11\/Fratres-Copie.jpg'><img loading=\"lazy\" decoding=\"async\" width=\"150\" height=\"150\" src=\"https:\/\/segura-artiste-peintre.fr\/wp-content\/uploads\/2014\/11\/Fratres-Copie-150x150.jpg\" class=\"attachment-thumbnail size-thumbnail\" alt=\"\" \/><\/a>\n\t\t\t<\/div><\/figure><figure class='gallery-item'>\n\t\t\t<div class='gallery-icon landscape'>\n\t\t\t\t<a href='https:\/\/segura-artiste-peintre.fr\/wp-content\/uploads\/2014\/11\/DSC_0008_0122222.jpg'><img loading=\"lazy\" decoding=\"async\" width=\"150\" height=\"150\" src=\"https:\/\/segura-artiste-peintre.fr\/wp-content\/uploads\/2014\/11\/DSC_0008_0122222-150x150.jpg\" class=\"attachment-thumbnail size-thumbnail\" alt=\"\" \/><\/a>\n\t\t\t<\/div><\/figure><figure class='gallery-item'>\n\t\t\t<div class='gallery-icon landscape'>\n\t\t\t\t<a href='https:\/\/segura-artiste-peintre.fr\/wp-content\/uploads\/2014\/11\/la-dame-aux-cerfs-volants-2-Copie.jpg'><img loading=\"lazy\" decoding=\"async\" width=\"150\" height=\"150\" src=\"https:\/\/segura-artiste-peintre.fr\/wp-content\/uploads\/2014\/11\/la-dame-aux-cerfs-volants-2-Copie-150x150.jpg\" class=\"attachment-thumbnail size-thumbnail\" alt=\"\" \/><\/a>\n\t\t\t<\/div><\/figure><figure class='gallery-item'>\n\t\t\t<div class='gallery-icon landscape'>\n\t\t\t\t<a href='https:\/\/segura-artiste-peintre.fr\/wp-content\/uploads\/2014\/11\/le-regard-int\u00e9rieur-100x81-cm-2-Copie.jpg'><img loading=\"lazy\" decoding=\"async\" width=\"150\" height=\"150\" src=\"https:\/\/segura-artiste-peintre.fr\/wp-content\/uploads\/2014\/11\/le-regard-int\u00e9rieur-100x81-cm-2-Copie-150x150.jpg\" class=\"attachment-thumbnail size-thumbnail\" alt=\"\" \/><\/a>\n\t\t\t<\/div><\/figure><figure class='gallery-item'>\n\t\t\t<div class='gallery-icon landscape'>\n\t\t\t\t<a href='https:\/\/segura-artiste-peintre.fr\/wp-content\/uploads\/2014\/11\/Le-moment-secret-92x73-cm-Copie.jpg'><img loading=\"lazy\" decoding=\"async\" width=\"150\" height=\"150\" src=\"https:\/\/segura-artiste-peintre.fr\/wp-content\/uploads\/2014\/11\/Le-moment-secret-92x73-cm-Copie-150x150.jpg\" class=\"attachment-thumbnail size-thumbnail\" alt=\"\" \/><\/a>\n\t\t\t<\/div><\/figure><figure class='gallery-item'>\n\t\t\t<div class='gallery-icon landscape'>\n\t\t\t\t<a href='https:\/\/segura-artiste-peintre.fr\/wp-content\/uploads\/2014\/11\/DSC_0010_01.jpg'><img loading=\"lazy\" decoding=\"async\" width=\"150\" height=\"150\" src=\"https:\/\/segura-artiste-peintre.fr\/wp-content\/uploads\/2014\/11\/DSC_0010_01-150x150.jpg\" class=\"attachment-thumbnail size-thumbnail\" alt=\"\" \/><\/a>\n\t\t\t<\/div><\/figure><figure class='gallery-item'>\n\t\t\t<div class='gallery-icon landscape'>\n\t\t\t\t<a href='https:\/\/segura-artiste-peintre.fr\/wp-content\/uploads\/2014\/11\/DSC_0037-Copie-Copie.jpg'><img loading=\"lazy\" decoding=\"async\" width=\"150\" height=\"150\" src=\"https:\/\/segura-artiste-peintre.fr\/wp-content\/uploads\/2014\/11\/DSC_0037-Copie-Copie-150x150.jpg\" class=\"attachment-thumbnail size-thumbnail\" alt=\"\" \/><\/a>\n\t\t\t<\/div><\/figure><figure class='gallery-item'>\n\t\t\t<div class='gallery-icon landscape'>\n\t\t\t\t<a href='https:\/\/segura-artiste-peintre.fr\/wp-content\/uploads\/2014\/11\/DSC_0003_01.jpg'><img loading=\"lazy\" decoding=\"async\" width=\"150\" height=\"150\" src=\"https:\/\/segura-artiste-peintre.fr\/wp-content\/uploads\/2014\/11\/DSC_0003_01-150x150.jpg\" class=\"attachment-thumbnail size-thumbnail\" alt=\"\" \/><\/a>\n\t\t\t<\/div><\/figure><figure class='gallery-item'>\n\t\t\t<div class='gallery-icon landscape'>\n\t\t\t\t<a href='https:\/\/segura-artiste-peintre.fr\/wp-content\/uploads\/2014\/11\/DSC_0005-Copie1.jpg'><img loading=\"lazy\" decoding=\"async\" width=\"150\" height=\"150\" src=\"https:\/\/segura-artiste-peintre.fr\/wp-content\/uploads\/2014\/11\/DSC_0005-Copie1-150x150.jpg\" class=\"attachment-thumbnail size-thumbnail\" alt=\"\" \/><\/a>\n\t\t\t<\/div><\/figure><figure class='gallery-item'>\n\t\t\t<div class='gallery-icon portrait'>\n\t\t\t\t<a href='https:\/\/segura-artiste-peintre.fr\/wp-content\/uploads\/2014\/11\/livresse-du-po\u00e8te-65x81-cm.jpg'><img loading=\"lazy\" decoding=\"async\" width=\"150\" height=\"150\" src=\"https:\/\/segura-artiste-peintre.fr\/wp-content\/uploads\/2014\/11\/livresse-du-po\u00e8te-65x81-cm-150x150.jpg\" class=\"attachment-thumbnail size-thumbnail\" alt=\"\" \/><\/a>\n\t\t\t<\/div><\/figure><figure class='gallery-item'>\n\t\t\t<div class='gallery-icon landscape'>\n\t\t\t\t<a href='https:\/\/segura-artiste-peintre.fr\/wp-content\/uploads\/2014\/11\/DSC_0025.jpg'><img loading=\"lazy\" decoding=\"async\" width=\"150\" height=\"150\" src=\"https:\/\/segura-artiste-peintre.fr\/wp-content\/uploads\/2014\/11\/DSC_0025-150x150.jpg\" class=\"attachment-thumbnail size-thumbnail\" alt=\"\" \/><\/a>\n\t\t\t<\/div><\/figure><figure class='gallery-item'>\n\t\t\t<div class='gallery-icon landscape'>\n\t\t\t\t<a href='https:\/\/segura-artiste-peintre.fr\/wp-content\/uploads\/2014\/11\/le-bout-du-chemin-80x80cm.jpg'><img loading=\"lazy\" decoding=\"async\" width=\"150\" height=\"150\" src=\"https:\/\/segura-artiste-peintre.fr\/wp-content\/uploads\/2014\/11\/le-bout-du-chemin-80x80cm-150x150.jpg\" class=\"attachment-thumbnail size-thumbnail\" alt=\"\" \/><\/a>\n\t\t\t<\/div><\/figure><figure class='gallery-item'>\n\t\t\t<div class='gallery-icon landscape'>\n\t\t\t\t<a href='https:\/\/segura-artiste-peintre.fr\/wp-content\/uploads\/2014\/11\/DSC_0006_01.jpg'><img loading=\"lazy\" decoding=\"async\" width=\"150\" height=\"150\" src=\"https:\/\/segura-artiste-peintre.fr\/wp-content\/uploads\/2014\/11\/DSC_0006_01-150x150.jpg\" class=\"attachment-thumbnail size-thumbnail\" alt=\"\" \/><\/a>\n\t\t\t<\/div><\/figure><figure class='gallery-item'>\n\t\t\t<div class='gallery-icon landscape'>\n\t\t\t\t<a href='https:\/\/segura-artiste-peintre.fr\/wp-content\/uploads\/2014\/11\/les-lampions-c\u00e9lestes-92x73-cm-2.jpg'><img loading=\"lazy\" decoding=\"async\" width=\"150\" height=\"150\" src=\"https:\/\/segura-artiste-peintre.fr\/wp-content\/uploads\/2014\/11\/les-lampions-c\u00e9lestes-92x73-cm-2-150x150.jpg\" class=\"attachment-thumbnail size-thumbnail\" alt=\"\" \/><\/a>\n\t\t\t<\/div><\/figure><figure class='gallery-item'>\n\t\t\t<div class='gallery-icon landscape'>\n\t\t\t\t<a href='https:\/\/segura-artiste-peintre.fr\/wp-content\/uploads\/2014\/11\/DSC_0013-Copie2.jpg'><img loading=\"lazy\" decoding=\"async\" width=\"150\" height=\"150\" src=\"https:\/\/segura-artiste-peintre.fr\/wp-content\/uploads\/2014\/11\/DSC_0013-Copie2-150x150.jpg\" class=\"attachment-thumbnail size-thumbnail\" alt=\"\" \/><\/a>\n\t\t\t<\/div><\/figure><figure class='gallery-item'>\n\t\t\t<div class='gallery-icon landscape'>\n\t\t\t\t<a href='https:\/\/segura-artiste-peintre.fr\/wp-content\/uploads\/2014\/11\/les-lampions-c\u00e9lestes-100x81-1.jpg'><img loading=\"lazy\" decoding=\"async\" width=\"150\" height=\"150\" src=\"https:\/\/segura-artiste-peintre.fr\/wp-content\/uploads\/2014\/11\/les-lampions-c\u00e9lestes-100x81-1-150x150.jpg\" class=\"attachment-thumbnail size-thumbnail\" alt=\"\" \/><\/a>\n\t\t\t<\/div><\/figure><figure class='gallery-item'>\n\t\t\t<div class='gallery-icon portrait'>\n\t\t\t\t<a href='https:\/\/segura-artiste-peintre.fr\/wp-content\/uploads\/2014\/11\/les-passeurs-de-lumi\u00e8res-100x100cm-Copie.jpg'><img loading=\"lazy\" decoding=\"async\" width=\"150\" height=\"150\" src=\"https:\/\/segura-artiste-peintre.fr\/wp-content\/uploads\/2014\/11\/les-passeurs-de-lumi\u00e8res-100x100cm-Copie-150x150.jpg\" class=\"attachment-thumbnail size-thumbnail\" alt=\"\" srcset=\"https:\/\/segura-artiste-peintre.fr\/wp-content\/uploads\/2014\/11\/les-passeurs-de-lumi\u00e8res-100x100cm-Copie-150x150.jpg 150w, https:\/\/segura-artiste-peintre.fr\/wp-content\/uploads\/2014\/11\/les-passeurs-de-lumi\u00e8res-100x100cm-Copie-1015x1024.jpg 1015w, https:\/\/segura-artiste-peintre.fr\/wp-content\/uploads\/2014\/11\/les-passeurs-de-lumi\u00e8res-100x100cm-Copie-690x695.jpg 690w, https:\/\/segura-artiste-peintre.fr\/wp-content\/uploads\/2014\/11\/les-passeurs-de-lumi\u00e8res-100x100cm-Copie-980x988.jpg 980w, https:\/\/segura-artiste-peintre.fr\/wp-content\/uploads\/2014\/11\/les-passeurs-de-lumi\u00e8res-100x100cm-Copie.jpg 1848w\" sizes=\"auto, (max-width: 150px) 100vw, 150px\" \/><\/a>\n\t\t\t<\/div><\/figure><figure class='gallery-item'>\n\t\t\t<div class='gallery-icon landscape'>\n\t\t\t\t<a href='https:\/\/segura-artiste-peintre.fr\/wp-content\/uploads\/2014\/11\/la-ville-sendormait.jpg'><img loading=\"lazy\" decoding=\"async\" width=\"150\" height=\"150\" src=\"https:\/\/segura-artiste-peintre.fr\/wp-content\/uploads\/2014\/11\/la-ville-sendormait-150x150.jpg\" class=\"attachment-thumbnail size-thumbnail\" alt=\"\" \/><\/a>\n\t\t\t<\/div><\/figure><figure class='gallery-item'>\n\t\t\t<div class='gallery-icon landscape'>\n\t\t\t\t<a href='https:\/\/segura-artiste-peintre.fr\/wp-content\/uploads\/2014\/11\/Copie-DSC_0004.jpg'><img loading=\"lazy\" decoding=\"async\" width=\"150\" height=\"150\" src=\"https:\/\/segura-artiste-peintre.fr\/wp-content\/uploads\/2014\/11\/Copie-DSC_0004-150x150.jpg\" class=\"attachment-thumbnail size-thumbnail\" alt=\"\" \/><\/a>\n\t\t\t<\/div><\/figure><figure class='gallery-item'>\n\t\t\t<div class='gallery-icon landscape'>\n\t\t\t\t<a href='https:\/\/segura-artiste-peintre.fr\/wp-content\/uploads\/2014\/11\/DSC_0005-Copie.jpg'><img loading=\"lazy\" decoding=\"async\" width=\"150\" height=\"150\" src=\"https:\/\/segura-artiste-peintre.fr\/wp-content\/uploads\/2014\/11\/DSC_0005-Copie-150x150.jpg\" class=\"attachment-thumbnail size-thumbnail\" alt=\"\" \/><\/a>\n\t\t\t<\/div><\/figure><figure class='gallery-item'>\n\t\t\t<div class='gallery-icon landscape'>\n\t\t\t\t<a href='https:\/\/segura-artiste-peintre.fr\/wp-content\/uploads\/2014\/11\/DSC_0010-Copie.jpg'><img loading=\"lazy\" decoding=\"async\" width=\"150\" height=\"150\" src=\"https:\/\/segura-artiste-peintre.fr\/wp-content\/uploads\/2014\/11\/DSC_0010-Copie-150x150.jpg\" class=\"attachment-thumbnail size-thumbnail\" alt=\"\" \/><\/a>\n\t\t\t<\/div><\/figure><figure class='gallery-item'>\n\t\t\t<div class='gallery-icon portrait'>\n\t\t\t\t<a href='https:\/\/segura-artiste-peintre.fr\/wp-content\/uploads\/2014\/11\/les-passeurs-de-lumi\u00e8re-Copie.jpg'><img loading=\"lazy\" decoding=\"async\" width=\"150\" height=\"150\" src=\"https:\/\/segura-artiste-peintre.fr\/wp-content\/uploads\/2014\/11\/les-passeurs-de-lumi\u00e8re-Copie-150x150.jpg\" class=\"attachment-thumbnail size-thumbnail\" alt=\"\" \/><\/a>\n\t\t\t<\/div><\/figure><figure class='gallery-item'>\n\t\t\t<div class='gallery-icon landscape'>\n\t\t\t\t<a href='https:\/\/segura-artiste-peintre.fr\/wp-content\/uploads\/2014\/11\/les-bienveillants-Copie.jpg'><img loading=\"lazy\" decoding=\"async\" width=\"150\" height=\"150\" src=\"https:\/\/segura-artiste-peintre.fr\/wp-content\/uploads\/2014\/11\/les-bienveillants-Copie-150x150.jpg\" class=\"attachment-thumbnail size-thumbnail\" alt=\"\" \/><\/a>\n\t\t\t<\/div><\/figure><figure class='gallery-item'>\n\t\t\t<div class='gallery-icon landscape'>\n\t\t\t\t<a href='https:\/\/segura-artiste-peintre.fr\/wp-content\/uploads\/2014\/11\/le-chant-du-soir-Copie.jpg'><img loading=\"lazy\" decoding=\"async\" width=\"150\" height=\"150\" src=\"https:\/\/segura-artiste-peintre.fr\/wp-content\/uploads\/2014\/11\/le-chant-du-soir-Copie-150x150.jpg\" class=\"attachment-thumbnail size-thumbnail\" alt=\"\" \/><\/a>\n\t\t\t<\/div><\/figure><figure class='gallery-item'>\n\t\t\t<div class='gallery-icon landscape'>\n\t\t\t\t<a href='https:\/\/segura-artiste-peintre.fr\/wp-content\/uploads\/2014\/11\/la-conversion-du-regard-Copie.jpg'><img loading=\"lazy\" decoding=\"async\" width=\"150\" height=\"150\" src=\"https:\/\/segura-artiste-peintre.fr\/wp-content\/uploads\/2014\/11\/la-conversion-du-regard-Copie-150x150.jpg\" class=\"attachment-thumbnail size-thumbnail\" alt=\"\" \/><\/a>\n\t\t\t<\/div><\/figure><figure class='gallery-item'>\n\t\t\t<div class='gallery-icon landscape'>\n\t\t\t\t<a href='https:\/\/segura-artiste-peintre.fr\/wp-content\/uploads\/2014\/11\/1.le-commencement-1.jpg'><img loading=\"lazy\" decoding=\"async\" width=\"150\" height=\"150\" src=\"https:\/\/segura-artiste-peintre.fr\/wp-content\/uploads\/2014\/11\/1.le-commencement-1-150x150.jpg\" class=\"attachment-thumbnail size-thumbnail\" alt=\"\" \/><\/a>\n\t\t\t<\/div><\/figure><figure class='gallery-item'>\n\t\t\t<div class='gallery-icon landscape'>\n\t\t\t\t<a href='https:\/\/segura-artiste-peintre.fr\/wp-content\/uploads\/2014\/11\/le-concert-matinal.jpg'><img loading=\"lazy\" decoding=\"async\" width=\"150\" height=\"150\" src=\"https:\/\/segura-artiste-peintre.fr\/wp-content\/uploads\/2014\/11\/le-concert-matinal-150x150.jpg\" class=\"attachment-thumbnail size-thumbnail\" alt=\"\" \/><\/a>\n\t\t\t<\/div><\/figure><figure class='gallery-item'>\n\t\t\t<div class='gallery-icon landscape'>\n\t\t\t\t<a href='https:\/\/segura-artiste-peintre.fr\/wp-content\/uploads\/2014\/11\/Copie-DSC_0026-Copie.jpg'><img loading=\"lazy\" decoding=\"async\" width=\"150\" height=\"150\" src=\"https:\/\/segura-artiste-peintre.fr\/wp-content\/uploads\/2014\/11\/Copie-DSC_0026-Copie-150x150.jpg\" class=\"attachment-thumbnail size-thumbnail\" alt=\"\" aria-describedby=\"gallery-1-372\" \/><\/a>\n\t\t\t<\/div>\n\t\t\t\t<figcaption class='wp-caption-text gallery-caption' id='gallery-1-372'>\n\t\t\t\tle sens cach\u00e9 92x73cm\n\t\t\t\t<\/figcaption><\/figure><figure class='gallery-item'>\n\t\t\t<div class='gallery-icon portrait'>\n\t\t\t\t<a href='https:\/\/segura-artiste-peintre.fr\/wp-content\/uploads\/2014\/11\/Copie-DSC_0005.jpg'><img loading=\"lazy\" decoding=\"async\" width=\"150\" height=\"150\" src=\"https:\/\/segura-artiste-peintre.fr\/wp-content\/uploads\/2014\/11\/Copie-DSC_0005-150x150.jpg\" class=\"attachment-thumbnail size-thumbnail\" alt=\"\" \/><\/a>\n\t\t\t<\/div><\/figure><figure class='gallery-item'>\n\t\t\t<div class='gallery-icon landscape'>\n\t\t\t\t<a href='https:\/\/segura-artiste-peintre.fr\/wp-content\/uploads\/2014\/11\/a7.jpg'><img loading=\"lazy\" decoding=\"async\" width=\"150\" height=\"150\" src=\"https:\/\/segura-artiste-peintre.fr\/wp-content\/uploads\/2014\/11\/a7-150x150.jpg\" class=\"attachment-thumbnail size-thumbnail\" alt=\"\" \/><\/a>\n\t\t\t<\/div><\/figure><figure class='gallery-item'>\n\t\t\t<div class='gallery-icon portrait'>\n\t\t\t\t<a href='https:\/\/segura-artiste-peintre.fr\/wp-content\/uploads\/2014\/11\/DSC_0006-Copie-Copie.jpg'><img loading=\"lazy\" decoding=\"async\" width=\"150\" height=\"150\" src=\"https:\/\/segura-artiste-peintre.fr\/wp-content\/uploads\/2014\/11\/DSC_0006-Copie-Copie-150x150.jpg\" class=\"attachment-thumbnail size-thumbnail\" alt=\"\" \/><\/a>\n\t\t\t<\/div><\/figure><figure class='gallery-item'>\n\t\t\t<div class='gallery-icon portrait'>\n\t\t\t\t<a href='https:\/\/segura-artiste-peintre.fr\/wp-content\/uploads\/2014\/11\/DSC_0006.jpg'><img loading=\"lazy\" decoding=\"async\" width=\"150\" height=\"150\" src=\"https:\/\/segura-artiste-peintre.fr\/wp-content\/uploads\/2014\/11\/DSC_0006-150x150.jpg\" class=\"attachment-thumbnail size-thumbnail\" alt=\"\" \/><\/a>\n\t\t\t<\/div><\/figure><figure class='gallery-item'>\n\t\t\t<div class='gallery-icon landscape'>\n\t\t\t\t<a href='https:\/\/segura-artiste-peintre.fr\/wp-content\/uploads\/2014\/11\/DSC_0004-Copie-2.jpg'><img loading=\"lazy\" decoding=\"async\" width=\"150\" height=\"150\" src=\"https:\/\/segura-artiste-peintre.fr\/wp-content\/uploads\/2014\/11\/DSC_0004-Copie-2-150x150.jpg\" class=\"attachment-thumbnail size-thumbnail\" alt=\"\" \/><\/a>\n\t\t\t<\/div><\/figure><figure class='gallery-item'>\n\t\t\t<div class='gallery-icon landscape'>\n\t\t\t\t<a href='https:\/\/segura-artiste-peintre.fr\/wp-content\/uploads\/2014\/11\/ale-voyage-de-la-charolaise-Copie-Copie-1.jpg'><img loading=\"lazy\" decoding=\"async\" width=\"150\" height=\"150\" src=\"https:\/\/segura-artiste-peintre.fr\/wp-content\/uploads\/2014\/11\/ale-voyage-de-la-charolaise-Copie-Copie-1-150x150.jpg\" class=\"attachment-thumbnail size-thumbnail\" alt=\"\" \/><\/a>\n\t\t\t<\/div><\/figure><figure class='gallery-item'>\n\t\t\t<div class='gallery-icon landscape'>\n\t\t\t\t<a href='https:\/\/segura-artiste-peintre.fr\/wp-content\/uploads\/2014\/11\/adimanche-Copie.jpg'><img loading=\"lazy\" decoding=\"async\" width=\"150\" height=\"150\" src=\"https:\/\/segura-artiste-peintre.fr\/wp-content\/uploads\/2014\/11\/adimanche-Copie-150x150.jpg\" class=\"attachment-thumbnail size-thumbnail\" alt=\"\" \/><\/a>\n\t\t\t<\/div><\/figure><figure class='gallery-item'>\n\t\t\t<div class='gallery-icon portrait'>\n\t\t\t\t<a href='https:\/\/segura-artiste-peintre.fr\/wp-content\/uploads\/2014\/11\/DSC_0009_01.jpg'><img loading=\"lazy\" decoding=\"async\" width=\"150\" height=\"150\" src=\"https:\/\/segura-artiste-peintre.fr\/wp-content\/uploads\/2014\/11\/DSC_0009_01-150x150.jpg\" class=\"attachment-thumbnail size-thumbnail\" alt=\"\" \/><\/a>\n\t\t\t<\/div><\/figure><figure class='gallery-item'>\n\t\t\t<div class='gallery-icon landscape'>\n\t\t\t\t<a href='https:\/\/segura-artiste-peintre.fr\/wp-content\/uploads\/2014\/11\/avant-lorage.jpg'><img loading=\"lazy\" decoding=\"async\" width=\"150\" height=\"150\" src=\"https:\/\/segura-artiste-peintre.fr\/wp-content\/uploads\/2014\/11\/avant-lorage-150x150.jpg\" class=\"attachment-thumbnail size-thumbnail\" alt=\"\" \/><\/a>\n\t\t\t<\/div><\/figure><figure class='gallery-item'>\n\t\t\t<div class='gallery-icon landscape'>\n\t\t\t\t<a href='https:\/\/segura-artiste-peintre.fr\/wp-content\/uploads\/2014\/11\/alhomme-au-parapluie-Copie-Copie-Copie1.jpg'><img loading=\"lazy\" decoding=\"async\" width=\"150\" height=\"150\" src=\"https:\/\/segura-artiste-peintre.fr\/wp-content\/uploads\/2014\/11\/alhomme-au-parapluie-Copie-Copie-Copie1-150x150.jpg\" class=\"attachment-thumbnail size-thumbnail\" alt=\"\" \/><\/a>\n\t\t\t<\/div><\/figure><figure class='gallery-item'>\n\t\t\t<div class='gallery-icon landscape'>\n\t\t\t\t<a href='https:\/\/segura-artiste-peintre.fr\/wp-content\/uploads\/2015\/01\/Copie-DSC_00353.jpg'><img loading=\"lazy\" decoding=\"async\" width=\"150\" height=\"150\" src=\"https:\/\/segura-artiste-peintre.fr\/wp-content\/uploads\/2015\/01\/Copie-DSC_00353-150x150.jpg\" class=\"attachment-thumbnail size-thumbnail\" alt=\"\" \/><\/a>\n\t\t\t<\/div><\/figure><figure class='gallery-item'>\n\t\t\t<div class='gallery-icon landscape'>\n\t\t\t\t<a href='https:\/\/segura-artiste-peintre.fr\/wp-content\/uploads\/2014\/11\/DSC_0022-Copie.jpg'><img loading=\"lazy\" decoding=\"async\" width=\"150\" height=\"150\" src=\"https:\/\/segura-artiste-peintre.fr\/wp-content\/uploads\/2014\/11\/DSC_0022-Copie-150x150.jpg\" class=\"attachment-thumbnail size-thumbnail\" alt=\"\" \/><\/a>\n\t\t\t<\/div><\/figure><figure class='gallery-item'>\n\t\t\t<div class='gallery-icon landscape'>\n\t\t\t\t<a href='https:\/\/segura-artiste-peintre.fr\/wp-content\/uploads\/2014\/11\/Copie-Copie-DSC_0035_01-Copie1.jpg'><img loading=\"lazy\" decoding=\"async\" width=\"150\" height=\"150\" src=\"https:\/\/segura-artiste-peintre.fr\/wp-content\/uploads\/2014\/11\/Copie-Copie-DSC_0035_01-Copie1-150x150.jpg\" class=\"attachment-thumbnail size-thumbnail\" alt=\"\" \/><\/a>\n\t\t\t<\/div><\/figure><figure class='gallery-item'>\n\t\t\t<div class='gallery-icon landscape'>\n\t\t\t\t<a href='https:\/\/segura-artiste-peintre.fr\/wp-content\/uploads\/2014\/11\/sous-le-reverbere.jpg'><img loading=\"lazy\" decoding=\"async\" width=\"150\" height=\"150\" src=\"https:\/\/segura-artiste-peintre.fr\/wp-content\/uploads\/2014\/11\/sous-le-reverbere-150x150.jpg\" class=\"attachment-thumbnail size-thumbnail\" alt=\"\" \/><\/a>\n\t\t\t<\/div><\/figure><figure class='gallery-item'>\n\t\t\t<div class='gallery-icon landscape'>\n\t\t\t\t<a href='https:\/\/segura-artiste-peintre.fr\/wp-content\/uploads\/2014\/11\/les-paseurs-de-mots.jpg'><img loading=\"lazy\" decoding=\"async\" width=\"150\" height=\"150\" src=\"https:\/\/segura-artiste-peintre.fr\/wp-content\/uploads\/2014\/11\/les-paseurs-de-mots-150x150.jpg\" class=\"attachment-thumbnail size-thumbnail\" alt=\"\" \/><\/a>\n\t\t\t<\/div><\/figure><figure class='gallery-item'>\n\t\t\t<div class='gallery-icon landscape'>\n\t\t\t\t<a href='https:\/\/segura-artiste-peintre.fr\/wp-content\/uploads\/2014\/11\/l-autre.jpg'><img loading=\"lazy\" decoding=\"async\" width=\"150\" height=\"150\" src=\"https:\/\/segura-artiste-peintre.fr\/wp-content\/uploads\/2014\/11\/l-autre-150x150.jpg\" class=\"attachment-thumbnail size-thumbnail\" alt=\"\" \/><\/a>\n\t\t\t<\/div><\/figure><figure class='gallery-item'>\n\t\t\t<div class='gallery-icon landscape'>\n\t\t\t\t<a href='https:\/\/segura-artiste-peintre.fr\/wp-content\/uploads\/2014\/11\/le-recueillement.jpg'><img loading=\"lazy\" decoding=\"async\" width=\"150\" height=\"150\" src=\"https:\/\/segura-artiste-peintre.fr\/wp-content\/uploads\/2014\/11\/le-recueillement-150x150.jpg\" class=\"attachment-thumbnail size-thumbnail\" alt=\"\" \/><\/a>\n\t\t\t<\/div><\/figure><figure class='gallery-item'>\n\t\t\t<div class='gallery-icon landscape'>\n\t\t\t\t<a href='https:\/\/segura-artiste-peintre.fr\/wp-content\/uploads\/2014\/11\/les-contemplatifs.jpg'><img loading=\"lazy\" decoding=\"async\" width=\"150\" height=\"150\" src=\"https:\/\/segura-artiste-peintre.fr\/wp-content\/uploads\/2014\/11\/les-contemplatifs-150x150.jpg\" class=\"attachment-thumbnail size-thumbnail\" alt=\"\" \/><\/a>\n\t\t\t<\/div><\/figure><figure class='gallery-item'>\n\t\t\t<div class='gallery-icon landscape'>\n\t\t\t\t<a href='https:\/\/segura-artiste-peintre.fr\/wp-content\/uploads\/2014\/11\/le-zebre-voyageur.jpg'><img loading=\"lazy\" decoding=\"async\" width=\"150\" height=\"150\" src=\"https:\/\/segura-artiste-peintre.fr\/wp-content\/uploads\/2014\/11\/le-zebre-voyageur-150x150.jpg\" class=\"attachment-thumbnail size-thumbnail\" alt=\"\" \/><\/a>\n\t\t\t<\/div><\/figure><figure class='gallery-item'>\n\t\t\t<div class='gallery-icon landscape'>\n\t\t\t\t<a href='https:\/\/segura-artiste-peintre.fr\/wp-content\/uploads\/2014\/11\/la-chorale-celeste.jpg'><img loading=\"lazy\" decoding=\"async\" width=\"150\" height=\"150\" src=\"https:\/\/segura-artiste-peintre.fr\/wp-content\/uploads\/2014\/11\/la-chorale-celeste-150x150.jpg\" class=\"attachment-thumbnail size-thumbnail\" alt=\"\" \/><\/a>\n\t\t\t<\/div><\/figure><figure class='gallery-item'>\n\t\t\t<div class='gallery-icon landscape'>\n\t\t\t\t<a href='https:\/\/segura-artiste-peintre.fr\/wp-content\/uploads\/2014\/11\/les-coeurs-paisibles.jpg'><img loading=\"lazy\" decoding=\"async\" width=\"150\" height=\"150\" src=\"https:\/\/segura-artiste-peintre.fr\/wp-content\/uploads\/2014\/11\/les-coeurs-paisibles-150x150.jpg\" class=\"attachment-thumbnail size-thumbnail\" alt=\"\" \/><\/a>\n\t\t\t<\/div><\/figure><figure class='gallery-item'>\n\t\t\t<div class='gallery-icon landscape'>\n\t\t\t\t<a href='https:\/\/segura-artiste-peintre.fr\/wp-content\/uploads\/2014\/11\/les-passeurs-bienveillants.jpg'><img loading=\"lazy\" decoding=\"async\" width=\"150\" height=\"150\" src=\"https:\/\/segura-artiste-peintre.fr\/wp-content\/uploads\/2014\/11\/les-passeurs-bienveillants-150x150.jpg\" class=\"attachment-thumbnail size-thumbnail\" alt=\"\" \/><\/a>\n\t\t\t<\/div><\/figure><figure class='gallery-item'>\n\t\t\t<div class='gallery-icon landscape'>\n\t\t\t\t<a href='https:\/\/segura-artiste-peintre.fr\/wp-content\/uploads\/2014\/11\/les-r\u00eaveurs-de-lumi\u00e8re.jpg'><img loading=\"lazy\" decoding=\"async\" width=\"150\" height=\"150\" src=\"https:\/\/segura-artiste-peintre.fr\/wp-content\/uploads\/2014\/11\/les-r\u00eaveurs-de-lumi\u00e8re-150x150.jpg\" class=\"attachment-thumbnail size-thumbnail\" alt=\"\" \/><\/a>\n\t\t\t<\/div><\/figure><figure class='gallery-item'>\n\t\t\t<div class='gallery-icon landscape'>\n\t\t\t\t<a href='https:\/\/segura-artiste-peintre.fr\/wp-content\/uploads\/2014\/11\/les-guides.jpg'><img loading=\"lazy\" decoding=\"async\" width=\"150\" height=\"150\" src=\"https:\/\/segura-artiste-peintre.fr\/wp-content\/uploads\/2014\/11\/les-guides-150x150.jpg\" class=\"attachment-thumbnail size-thumbnail\" alt=\"\" \/><\/a>\n\t\t\t<\/div><\/figure><figure class='gallery-item'>\n\t\t\t<div class='gallery-icon landscape'>\n\t\t\t\t<a href='https:\/\/segura-artiste-peintre.fr\/wp-content\/uploads\/2014\/11\/la-belle-rencontre.jpg'><img loading=\"lazy\" decoding=\"async\" width=\"150\" height=\"150\" src=\"https:\/\/segura-artiste-peintre.fr\/wp-content\/uploads\/2014\/11\/la-belle-rencontre-150x150.jpg\" class=\"attachment-thumbnail size-thumbnail\" alt=\"\" \/><\/a>\n\t\t\t<\/div><\/figure><figure class='gallery-item'>\n\t\t\t<div class='gallery-icon landscape'>\n\t\t\t\t<a href='https:\/\/segura-artiste-peintre.fr\/wp-content\/uploads\/2014\/11\/les-chercheurs.jpg'><img loading=\"lazy\" decoding=\"async\" width=\"150\" height=\"150\" src=\"https:\/\/segura-artiste-peintre.fr\/wp-content\/uploads\/2014\/11\/les-chercheurs-150x150.jpg\" class=\"attachment-thumbnail size-thumbnail\" alt=\"\" \/><\/a>\n\t\t\t<\/div><\/figure><figure class='gallery-item'>\n\t\t\t<div class='gallery-icon landscape'>\n\t\t\t\t<a href='https:\/\/segura-artiste-peintre.fr\/wp-content\/uploads\/2014\/11\/la-r\u00e9union.jpg'><img loading=\"lazy\" decoding=\"async\" width=\"150\" height=\"150\" src=\"https:\/\/segura-artiste-peintre.fr\/wp-content\/uploads\/2014\/11\/la-r\u00e9union-150x150.jpg\" class=\"attachment-thumbnail size-thumbnail\" alt=\"\" \/><\/a>\n\t\t\t<\/div><\/figure><figure class='gallery-item'>\n\t\t\t<div class='gallery-icon landscape'>\n\t\t\t\t<a href='https:\/\/segura-artiste-peintre.fr\/wp-content\/uploads\/2014\/11\/promenade-nocturne.jpg'><img loading=\"lazy\" decoding=\"async\" width=\"150\" height=\"150\" src=\"https:\/\/segura-artiste-peintre.fr\/wp-content\/uploads\/2014\/11\/promenade-nocturne-150x150.jpg\" class=\"attachment-thumbnail size-thumbnail\" alt=\"\" \/><\/a>\n\t\t\t<\/div><\/figure><figure class='gallery-item'>\n\t\t\t<div class='gallery-icon landscape'>\n\t\t\t\t<a href='https:\/\/segura-artiste-peintre.fr\/wp-content\/uploads\/2014\/11\/le-repos-du-p\u00e9lerin.jpg'><img loading=\"lazy\" decoding=\"async\" width=\"150\" height=\"150\" src=\"https:\/\/segura-artiste-peintre.fr\/wp-content\/uploads\/2014\/11\/le-repos-du-p\u00e9lerin-150x150.jpg\" class=\"attachment-thumbnail size-thumbnail\" alt=\"\" srcset=\"https:\/\/segura-artiste-peintre.fr\/wp-content\/uploads\/2014\/11\/le-repos-du-p\u00e9lerin-150x150.jpg 150w, https:\/\/segura-artiste-peintre.fr\/wp-content\/uploads\/2014\/11\/le-repos-du-p\u00e9lerin-300x300.jpg 300w, https:\/\/segura-artiste-peintre.fr\/wp-content\/uploads\/2014\/11\/le-repos-du-p\u00e9lerin.jpg 899w\" sizes=\"auto, (max-width: 150px) 100vw, 150px\" \/><\/a>\n\t\t\t<\/div><\/figure><figure class='gallery-item'>\n\t\t\t<div class='gallery-icon landscape'>\n\t\t\t\t<a href='https:\/\/segura-artiste-peintre.fr\/wp-content\/uploads\/2014\/11\/les-contemplatifs-sous-le-r\u00e9verb\u00e8re.jpg'><img loading=\"lazy\" decoding=\"async\" width=\"150\" height=\"150\" src=\"https:\/\/segura-artiste-peintre.fr\/wp-content\/uploads\/2014\/11\/les-contemplatifs-sous-le-r\u00e9verb\u00e8re-150x150.jpg\" class=\"attachment-thumbnail size-thumbnail\" alt=\"\" \/><\/a>\n\t\t\t<\/div><\/figure><figure class='gallery-item'>\n\t\t\t<div class='gallery-icon portrait'>\n\t\t\t\t<a href='https:\/\/segura-artiste-peintre.fr\/wp-content\/uploads\/2014\/11\/les-navigateurs-poireux.jpg'><img loading=\"lazy\" decoding=\"async\" width=\"150\" height=\"150\" src=\"https:\/\/segura-artiste-peintre.fr\/wp-content\/uploads\/2014\/11\/les-navigateurs-poireux-150x150.jpg\" class=\"attachment-thumbnail size-thumbnail\" alt=\"\" srcset=\"https:\/\/segura-artiste-peintre.fr\/wp-content\/uploads\/2014\/11\/les-navigateurs-poireux-150x150.jpg 150w, https:\/\/segura-artiste-peintre.fr\/wp-content\/uploads\/2014\/11\/les-navigateurs-poireux.jpg 858w\" sizes=\"auto, (max-width: 150px) 100vw, 150px\" \/><\/a>\n\t\t\t<\/div><\/figure><figure class='gallery-item'>\n\t\t\t<div class='gallery-icon portrait'>\n\t\t\t\t<a href='https:\/\/segura-artiste-peintre.fr\/wp-content\/uploads\/2014\/11\/mademoiselle-pagaille.jpg'><img loading=\"lazy\" decoding=\"async\" width=\"150\" height=\"150\" src=\"https:\/\/segura-artiste-peintre.fr\/wp-content\/uploads\/2014\/11\/mademoiselle-pagaille-150x150.jpg\" class=\"attachment-thumbnail size-thumbnail\" alt=\"\" \/><\/a>\n\t\t\t<\/div><\/figure><figure class='gallery-item'>\n\t\t\t<div class='gallery-icon landscape'>\n\t\t\t\t<a href='https:\/\/segura-artiste-peintre.fr\/wp-content\/uploads\/2014\/11\/sur-la-dune.jpg'><img loading=\"lazy\" decoding=\"async\" width=\"150\" height=\"150\" src=\"https:\/\/segura-artiste-peintre.fr\/wp-content\/uploads\/2014\/11\/sur-la-dune-150x150.jpg\" class=\"attachment-thumbnail size-thumbnail\" alt=\"\" \/><\/a>\n\t\t\t<\/div><\/figure><figure class='gallery-item'>\n\t\t\t<div class='gallery-icon landscape'>\n\t\t\t\t<a href='https:\/\/segura-artiste-peintre.fr\/wp-content\/uploads\/2014\/11\/les-cerfs-volants.jpg'><img loading=\"lazy\" decoding=\"async\" width=\"150\" height=\"150\" src=\"https:\/\/segura-artiste-peintre.fr\/wp-content\/uploads\/2014\/11\/les-cerfs-volants-150x150.jpg\" class=\"attachment-thumbnail size-thumbnail\" alt=\"\" \/><\/a>\n\t\t\t<\/div><\/figure><figure class='gallery-item'>\n\t\t\t<div class='gallery-icon landscape'>\n\t\t\t\t<a href='https:\/\/segura-artiste-peintre.fr\/wp-content\/uploads\/2014\/11\/les-deux-compagnons.jpg'><img loading=\"lazy\" decoding=\"async\" width=\"150\" height=\"150\" src=\"https:\/\/segura-artiste-peintre.fr\/wp-content\/uploads\/2014\/11\/les-deux-compagnons-150x150.jpg\" class=\"attachment-thumbnail size-thumbnail\" alt=\"\" \/><\/a>\n\t\t\t<\/div><\/figure><figure class='gallery-item'>\n\t\t\t<div class='gallery-icon landscape'>\n\t\t\t\t<a href='https:\/\/segura-artiste-peintre.fr\/wp-content\/uploads\/2014\/11\/Nos-esprits-libres-et-contents.jpg'><img loading=\"lazy\" decoding=\"async\" width=\"150\" height=\"150\" src=\"https:\/\/segura-artiste-peintre.fr\/wp-content\/uploads\/2014\/11\/Nos-esprits-libres-et-contents-150x150.jpg\" class=\"attachment-thumbnail size-thumbnail\" alt=\"\" \/><\/a>\n\t\t\t<\/div><\/figure><figure class='gallery-item'>\n\t\t\t<div class='gallery-icon landscape'>\n\t\t\t\t<a href='https:\/\/segura-artiste-peintre.fr\/wp-content\/uploads\/2014\/11\/petite-bataille-de-poires.jpg'><img loading=\"lazy\" decoding=\"async\" width=\"150\" height=\"150\" src=\"https:\/\/segura-artiste-peintre.fr\/wp-content\/uploads\/2014\/11\/petite-bataille-de-poires-150x150.jpg\" class=\"attachment-thumbnail size-thumbnail\" alt=\"\" \/><\/a>\n\t\t\t<\/div><\/figure><figure class='gallery-item'>\n\t\t\t<div class='gallery-icon landscape'>\n\t\t\t\t<a href='https:\/\/segura-artiste-peintre.fr\/wp-content\/uploads\/2014\/11\/Chevalier-rinhoc\u00e9resque-80X65cm.jpg'><img loading=\"lazy\" decoding=\"async\" width=\"150\" height=\"150\" src=\"https:\/\/segura-artiste-peintre.fr\/wp-content\/uploads\/2014\/11\/Chevalier-rinhoc\u00e9resque-80X65cm-150x150.jpg\" class=\"attachment-thumbnail size-thumbnail\" alt=\"\" \/><\/a>\n\t\t\t<\/div><\/figure><figure class='gallery-item'>\n\t\t\t<div class='gallery-icon landscape'>\n\t\t\t\t<a href='https:\/\/segura-artiste-peintre.fr\/wp-content\/uploads\/2014\/11\/Pandore.jpg'><img loading=\"lazy\" decoding=\"async\" width=\"150\" height=\"150\" src=\"https:\/\/segura-artiste-peintre.fr\/wp-content\/uploads\/2014\/11\/Pandore-150x150.jpg\" class=\"attachment-thumbnail size-thumbnail\" alt=\"\" \/><\/a>\n\t\t\t<\/div><\/figure><figure class='gallery-item'>\n\t\t\t<div class='gallery-icon portrait'>\n\t\t\t\t<a href='https:\/\/segura-artiste-peintre.fr\/wp-content\/uploads\/2014\/11\/l-imprevisible-m\u00e9taphysique.jpg'><img loading=\"lazy\" decoding=\"async\" width=\"150\" height=\"150\" src=\"https:\/\/segura-artiste-peintre.fr\/wp-content\/uploads\/2014\/11\/l-imprevisible-m\u00e9taphysique-150x150.jpg\" class=\"attachment-thumbnail size-thumbnail\" alt=\"\" \/><\/a>\n\t\t\t<\/div><\/figure><figure class='gallery-item'>\n\t\t\t<div class='gallery-icon landscape'>\n\t\t\t\t<a href='https:\/\/segura-artiste-peintre.fr\/wp-content\/uploads\/2014\/11\/la-confiance.jpg'><img loading=\"lazy\" decoding=\"async\" width=\"150\" height=\"150\" src=\"https:\/\/segura-artiste-peintre.fr\/wp-content\/uploads\/2014\/11\/la-confiance-150x150.jpg\" class=\"attachment-thumbnail size-thumbnail\" alt=\"\" \/><\/a>\n\t\t\t<\/div><\/figure><figure class='gallery-item'>\n\t\t\t<div class='gallery-icon landscape'>\n\t\t\t\t<a href='https:\/\/segura-artiste-peintre.fr\/wp-content\/uploads\/2014\/11\/Le_voleur_de_poules.jpg'><img loading=\"lazy\" decoding=\"async\" width=\"150\" height=\"150\" src=\"https:\/\/segura-artiste-peintre.fr\/wp-content\/uploads\/2014\/11\/Le_voleur_de_poules-150x150.jpg\" class=\"attachment-thumbnail size-thumbnail\" alt=\"\" \/><\/a>\n\t\t\t<\/div><\/figure><figure class='gallery-item'>\n\t\t\t<div class='gallery-icon landscape'>\n\t\t\t\t<a href='https:\/\/segura-artiste-peintre.fr\/wp-content\/uploads\/2014\/11\/la-joute-litt\u00e9raire.jpg'><img loading=\"lazy\" decoding=\"async\" width=\"150\" height=\"150\" src=\"https:\/\/segura-artiste-peintre.fr\/wp-content\/uploads\/2014\/11\/la-joute-litt\u00e9raire-150x150.jpg\" class=\"attachment-thumbnail size-thumbnail\" alt=\"\" \/><\/a>\n\t\t\t<\/div><\/figure><figure class='gallery-item'>\n\t\t\t<div class='gallery-icon landscape'>\n\t\t\t\t<a href='https:\/\/segura-artiste-peintre.fr\/wp-content\/uploads\/2014\/11\/songe-rhinceresque-du-doge.jpg'><img loading=\"lazy\" decoding=\"async\" width=\"150\" height=\"150\" src=\"https:\/\/segura-artiste-peintre.fr\/wp-content\/uploads\/2014\/11\/songe-rhinceresque-du-doge-150x150.jpg\" class=\"attachment-thumbnail size-thumbnail\" alt=\"\" \/><\/a>\n\t\t\t<\/div><\/figure><figure class='gallery-item'>\n\t\t\t<div class='gallery-icon portrait'>\n\t\t\t\t<a href='https:\/\/segura-artiste-peintre.fr\/wp-content\/uploads\/2014\/11\/la-muse-et-les-p\u00e9cheurs-\u00e0-la-ligne.jpg'><img loading=\"lazy\" decoding=\"async\" width=\"150\" height=\"150\" src=\"https:\/\/segura-artiste-peintre.fr\/wp-content\/uploads\/2014\/11\/la-muse-et-les-p\u00e9cheurs-\u00e0-la-ligne-150x150.jpg\" class=\"attachment-thumbnail size-thumbnail\" alt=\"\" \/><\/a>\n\t\t\t<\/div><\/figure><figure class='gallery-item'>\n\t\t\t<div class='gallery-icon landscape'>\n\t\t\t\t<a href='https:\/\/segura-artiste-peintre.fr\/wp-content\/uploads\/2014\/11\/les-guerriers-du-coing.jpg'><img loading=\"lazy\" decoding=\"async\" width=\"150\" height=\"150\" src=\"https:\/\/segura-artiste-peintre.fr\/wp-content\/uploads\/2014\/11\/les-guerriers-du-coing-150x150.jpg\" class=\"attachment-thumbnail size-thumbnail\" alt=\"\" \/><\/a>\n\t\t\t<\/div><\/figure><figure class='gallery-item'>\n\t\t\t<div class='gallery-icon portrait'>\n\t\t\t\t<a href='https:\/\/segura-artiste-peintre.fr\/wp-content\/uploads\/2014\/11\/Madame_Sebastien_Brant.jpg'><img loading=\"lazy\" decoding=\"async\" width=\"150\" height=\"150\" src=\"https:\/\/segura-artiste-peintre.fr\/wp-content\/uploads\/2014\/11\/Madame_Sebastien_Brant-150x150.jpg\" class=\"attachment-thumbnail size-thumbnail\" alt=\"\" \/><\/a>\n\t\t\t<\/div><\/figure><figure class='gallery-item'>\n\t\t\t<div class='gallery-icon landscape'>\n\t\t\t\t<a href='https:\/\/segura-artiste-peintre.fr\/wp-content\/uploads\/2014\/11\/La-voyageuse-imprudente-92x73.jpg'><img loading=\"lazy\" decoding=\"async\" width=\"150\" height=\"150\" src=\"https:\/\/segura-artiste-peintre.fr\/wp-content\/uploads\/2014\/11\/La-voyageuse-imprudente-92x73-150x150.jpg\" class=\"attachment-thumbnail size-thumbnail\" alt=\"\" \/><\/a>\n\t\t\t<\/div><\/figure><figure class='gallery-item'>\n\t\t\t<div class='gallery-icon landscape'>\n\t\t\t\t<a href='https:\/\/segura-artiste-peintre.fr\/wp-content\/uploads\/2014\/11\/allegorie_du_geometre.jpg'><img loading=\"lazy\" decoding=\"async\" width=\"150\" height=\"150\" src=\"https:\/\/segura-artiste-peintre.fr\/wp-content\/uploads\/2014\/11\/allegorie_du_geometre-150x150.jpg\" class=\"attachment-thumbnail size-thumbnail\" alt=\"\" \/><\/a>\n\t\t\t<\/div><\/figure><figure class='gallery-item'>\n\t\t\t<div class='gallery-icon portrait'>\n\t\t\t\t<a href='https:\/\/segura-artiste-peintre.fr\/wp-content\/uploads\/2014\/11\/la-conteuse.jpg'><img loading=\"lazy\" decoding=\"async\" width=\"150\" height=\"150\" src=\"https:\/\/segura-artiste-peintre.fr\/wp-content\/uploads\/2014\/11\/la-conteuse-150x150.jpg\" class=\"attachment-thumbnail size-thumbnail\" alt=\"\" \/><\/a>\n\t\t\t<\/div><\/figure><figure class='gallery-item'>\n\t\t\t<div class='gallery-icon portrait'>\n\t\t\t\t<a href='https:\/\/segura-artiste-peintre.fr\/wp-content\/uploads\/2014\/11\/le-sage-malicieux.jpg'><img loading=\"lazy\" decoding=\"async\" width=\"150\" height=\"150\" src=\"https:\/\/segura-artiste-peintre.fr\/wp-content\/uploads\/2014\/11\/le-sage-malicieux-150x150.jpg\" class=\"attachment-thumbnail size-thumbnail\" alt=\"\" \/><\/a>\n\t\t\t<\/div><\/figure><figure class='gallery-item'>\n\t\t\t<div class='gallery-icon portrait'>\n\t\t\t\t<a href='https:\/\/segura-artiste-peintre.fr\/wp-content\/uploads\/2014\/11\/la_dame_au_turban_bleu.jpg'><img loading=\"lazy\" decoding=\"async\" width=\"150\" height=\"150\" src=\"https:\/\/segura-artiste-peintre.fr\/wp-content\/uploads\/2014\/11\/la_dame_au_turban_bleu-150x150.jpg\" class=\"attachment-thumbnail size-thumbnail\" alt=\"\" \/><\/a>\n\t\t\t<\/div><\/figure><figure class='gallery-item'>\n\t\t\t<div class='gallery-icon portrait'>\n\t\t\t\t<a href='https:\/\/segura-artiste-peintre.fr\/wp-content\/uploads\/2014\/11\/la_porte_oubliee.jpg'><img loading=\"lazy\" decoding=\"async\" width=\"150\" height=\"150\" src=\"https:\/\/segura-artiste-peintre.fr\/wp-content\/uploads\/2014\/11\/la_porte_oubliee-150x150.jpg\" class=\"attachment-thumbnail size-thumbnail\" alt=\"\" \/><\/a>\n\t\t\t<\/div><\/figure><figure class='gallery-item'>\n\t\t\t<div class='gallery-icon portrait'>\n\t\t\t\t<a href='https:\/\/segura-artiste-peintre.fr\/wp-content\/uploads\/2014\/11\/mademoiselle-pichrocoline-2.jpg'><img loading=\"lazy\" decoding=\"async\" width=\"150\" height=\"150\" src=\"https:\/\/segura-artiste-peintre.fr\/wp-content\/uploads\/2014\/11\/mademoiselle-pichrocoline-2-150x150.jpg\" class=\"attachment-thumbnail size-thumbnail\" alt=\"\" \/><\/a>\n\t\t\t<\/div><\/figure><figure class='gallery-item'>\n\t\t\t<div class='gallery-icon portrait'>\n\t\t\t\t<a href='https:\/\/segura-artiste-peintre.fr\/wp-content\/uploads\/2014\/11\/la_confiance.jpg'><img loading=\"lazy\" decoding=\"async\" width=\"150\" height=\"150\" src=\"https:\/\/segura-artiste-peintre.fr\/wp-content\/uploads\/2014\/11\/la_confiance-150x150.jpg\" class=\"attachment-thumbnail size-thumbnail\" alt=\"\" \/><\/a>\n\t\t\t<\/div><\/figure><figure class='gallery-item'>\n\t\t\t<div class='gallery-icon portrait'>\n\t\t\t\t<a href='https:\/\/segura-artiste-peintre.fr\/wp-content\/uploads\/2014\/11\/la_dame_a_la_fleur_de_lys.jpg'><img loading=\"lazy\" decoding=\"async\" width=\"150\" height=\"150\" src=\"https:\/\/segura-artiste-peintre.fr\/wp-content\/uploads\/2014\/11\/la_dame_a_la_fleur_de_lys-150x150.jpg\" class=\"attachment-thumbnail size-thumbnail\" alt=\"\" \/><\/a>\n\t\t\t<\/div><\/figure><figure class='gallery-item'>\n\t\t\t<div class='gallery-icon portrait'>\n\t\t\t\t<a href='https:\/\/segura-artiste-peintre.fr\/wp-content\/uploads\/2014\/11\/la_passante.jpg'><img loading=\"lazy\" decoding=\"async\" width=\"150\" height=\"150\" src=\"https:\/\/segura-artiste-peintre.fr\/wp-content\/uploads\/2014\/11\/la_passante-150x150.jpg\" class=\"attachment-thumbnail size-thumbnail\" alt=\"\" \/><\/a>\n\t\t\t<\/div><\/figure><figure class='gallery-item'>\n\t\t\t<div class='gallery-icon landscape'>\n\t\t\t\t<a href='https:\/\/segura-artiste-peintre.fr\/wp-content\/uploads\/2014\/11\/Le_choix.jpg'><img loading=\"lazy\" decoding=\"async\" width=\"150\" height=\"150\" src=\"https:\/\/segura-artiste-peintre.fr\/wp-content\/uploads\/2014\/11\/Le_choix-150x150.jpg\" class=\"attachment-thumbnail size-thumbnail\" alt=\"\" \/><\/a>\n\t\t\t<\/div><\/figure><figure class='gallery-item'>\n\t\t\t<div class='gallery-icon landscape'>\n\t\t\t\t<a href='https:\/\/segura-artiste-peintre.fr\/wp-content\/uploads\/2014\/11\/La_dame_a_l-oeillet.jpg'><img loading=\"lazy\" decoding=\"async\" width=\"150\" height=\"150\" src=\"https:\/\/segura-artiste-peintre.fr\/wp-content\/uploads\/2014\/11\/La_dame_a_l-oeillet-150x150.jpg\" class=\"attachment-thumbnail size-thumbnail\" alt=\"\" \/><\/a>\n\t\t\t<\/div><\/figure><figure class='gallery-item'>\n\t\t\t<div class='gallery-icon portrait'>\n\t\t\t\t<a href='https:\/\/segura-artiste-peintre.fr\/wp-content\/uploads\/2014\/11\/Aurelie_et_les_pecheurs_a_ligne.jpg'><img loading=\"lazy\" decoding=\"async\" width=\"150\" height=\"150\" src=\"https:\/\/segura-artiste-peintre.fr\/wp-content\/uploads\/2014\/11\/Aurelie_et_les_pecheurs_a_ligne-150x150.jpg\" class=\"attachment-thumbnail size-thumbnail\" alt=\"\" \/><\/a>\n\t\t\t<\/div><\/figure><figure class='gallery-item'>\n\t\t\t<div class='gallery-icon landscape'>\n\t\t\t\t<a href='https:\/\/segura-artiste-peintre.fr\/wp-content\/uploads\/2014\/11\/L-Ane_savant.jpg'><img loading=\"lazy\" decoding=\"async\" width=\"150\" height=\"150\" src=\"https:\/\/segura-artiste-peintre.fr\/wp-content\/uploads\/2014\/11\/L-Ane_savant-150x150.jpg\" class=\"attachment-thumbnail size-thumbnail\" alt=\"\" \/><\/a>\n\t\t\t<\/div><\/figure><figure class='gallery-item'>\n\t\t\t<div class='gallery-icon portrait'>\n\t\t\t\t<a href='https:\/\/segura-artiste-peintre.fr\/wp-content\/uploads\/2014\/11\/Le_repos_du_sage.jpg'><img loading=\"lazy\" decoding=\"async\" width=\"150\" height=\"150\" src=\"https:\/\/segura-artiste-peintre.fr\/wp-content\/uploads\/2014\/11\/Le_repos_du_sage-150x150.jpg\" class=\"attachment-thumbnail size-thumbnail\" alt=\"\" \/><\/a>\n\t\t\t<\/div><\/figure><figure class='gallery-item'>\n\t\t\t<div class='gallery-icon portrait'>\n\t\t\t\t<a href='https:\/\/segura-artiste-peintre.fr\/wp-content\/uploads\/2014\/11\/la_reveuse_de_mots.jpg'><img loading=\"lazy\" decoding=\"async\" width=\"150\" height=\"150\" src=\"https:\/\/segura-artiste-peintre.fr\/wp-content\/uploads\/2014\/11\/la_reveuse_de_mots-150x150.jpg\" class=\"attachment-thumbnail size-thumbnail\" alt=\"\" \/><\/a>\n\t\t\t<\/div><\/figure><figure class='gallery-item'>\n\t\t\t<div class='gallery-icon portrait'>\n\t\t\t\t<a href='https:\/\/segura-artiste-peintre.fr\/wp-content\/uploads\/2014\/11\/le_reveur_de_mots2.jpg'><img loading=\"lazy\" decoding=\"async\" width=\"150\" height=\"150\" src=\"https:\/\/segura-artiste-peintre.fr\/wp-content\/uploads\/2014\/11\/le_reveur_de_mots2-150x150.jpg\" class=\"attachment-thumbnail size-thumbnail\" alt=\"\" \/><\/a>\n\t\t\t<\/div><\/figure><figure class='gallery-item'>\n\t\t\t<div class='gallery-icon portrait'>\n\t\t\t\t<a href='https:\/\/segura-artiste-peintre.fr\/wp-content\/uploads\/2014\/11\/Madame_persona_2.jpg'><img loading=\"lazy\" decoding=\"async\" width=\"150\" height=\"150\" src=\"https:\/\/segura-artiste-peintre.fr\/wp-content\/uploads\/2014\/11\/Madame_persona_2-150x150.jpg\" class=\"attachment-thumbnail size-thumbnail\" alt=\"\" \/><\/a>\n\t\t\t<\/div><\/figure><figure class='gallery-item'>\n\t\t\t<div class='gallery-icon portrait'>\n\t\t\t\t<a href='https:\/\/segura-artiste-peintre.fr\/wp-content\/uploads\/2014\/11\/St-Jean_de_la_croix.jpg'><img loading=\"lazy\" decoding=\"async\" width=\"150\" height=\"150\" src=\"https:\/\/segura-artiste-peintre.fr\/wp-content\/uploads\/2014\/11\/St-Jean_de_la_croix-150x150.jpg\" class=\"attachment-thumbnail size-thumbnail\" alt=\"\" \/><\/a>\n\t\t\t<\/div><\/figure><figure class='gallery-item'>\n\t\t\t<div class='gallery-icon landscape'>\n\t\t\t\t<a href='https:\/\/segura-artiste-peintre.fr\/wp-content\/uploads\/2014\/11\/le_pouvoir.jpg'><img loading=\"lazy\" decoding=\"async\" width=\"150\" height=\"150\" src=\"https:\/\/segura-artiste-peintre.fr\/wp-content\/uploads\/2014\/11\/le_pouvoir-150x150.jpg\" class=\"attachment-thumbnail size-thumbnail\" alt=\"\" \/><\/a>\n\t\t\t<\/div><\/figure><figure class='gallery-item'>\n\t\t\t<div class='gallery-icon landscape'>\n\t\t\t\t<a href='https:\/\/segura-artiste-peintre.fr\/wp-content\/uploads\/2014\/11\/le_pelerin.jpg'><img loading=\"lazy\" decoding=\"async\" width=\"150\" height=\"150\" src=\"https:\/\/segura-artiste-peintre.fr\/wp-content\/uploads\/2014\/11\/le_pelerin-150x150.jpg\" class=\"attachment-thumbnail size-thumbnail\" alt=\"\" \/><\/a>\n\t\t\t<\/div><\/figure><figure class='gallery-item'>\n\t\t\t<div class='gallery-icon portrait'>\n\t\t\t\t<a href='https:\/\/segura-artiste-peintre.fr\/wp-content\/uploads\/2014\/11\/La_dame_a_l-iris.jpg'><img loading=\"lazy\" decoding=\"async\" width=\"150\" height=\"150\" src=\"https:\/\/segura-artiste-peintre.fr\/wp-content\/uploads\/2014\/11\/La_dame_a_l-iris-150x150.jpg\" class=\"attachment-thumbnail size-thumbnail\" alt=\"\" \/><\/a>\n\t\t\t<\/div><\/figure><figure class='gallery-item'>\n\t\t\t<div class='gallery-icon portrait'>\n\t\t\t\t<a href='https:\/\/segura-artiste-peintre.fr\/wp-content\/uploads\/2014\/11\/La_poetique_de_la_reverie.jpg'><img loading=\"lazy\" decoding=\"async\" width=\"150\" height=\"150\" src=\"https:\/\/segura-artiste-peintre.fr\/wp-content\/uploads\/2014\/11\/La_poetique_de_la_reverie-150x150.jpg\" class=\"attachment-thumbnail size-thumbnail\" alt=\"\" \/><\/a>\n\t\t\t<\/div><\/figure><figure class='gallery-item'>\n\t\t\t<div class='gallery-icon portrait'>\n\t\t\t\t<a href='https:\/\/segura-artiste-peintre.fr\/wp-content\/uploads\/2014\/11\/La_dame_livre.jpg'><img loading=\"lazy\" decoding=\"async\" width=\"150\" height=\"150\" src=\"https:\/\/segura-artiste-peintre.fr\/wp-content\/uploads\/2014\/11\/La_dame_livre-150x150.jpg\" class=\"attachment-thumbnail size-thumbnail\" alt=\"\" \/><\/a>\n\t\t\t<\/div><\/figure><figure class='gallery-item'>\n\t\t\t<div class='gallery-icon portrait'>\n\t\t\t\t<a href='https:\/\/segura-artiste-peintre.fr\/wp-content\/uploads\/2014\/11\/La_dame_a_la_mesange.jpg'><img loading=\"lazy\" decoding=\"async\" width=\"150\" height=\"150\" src=\"https:\/\/segura-artiste-peintre.fr\/wp-content\/uploads\/2014\/11\/La_dame_a_la_mesange-150x150.jpg\" class=\"attachment-thumbnail size-thumbnail\" alt=\"\" \/><\/a>\n\t\t\t<\/div><\/figure><figure class='gallery-item'>\n\t\t\t<div class='gallery-icon portrait'>\n\t\t\t\t<a href='https:\/\/segura-artiste-peintre.fr\/wp-content\/uploads\/2014\/11\/l-oeuf.jpg'><img loading=\"lazy\" decoding=\"async\" width=\"150\" height=\"150\" src=\"https:\/\/segura-artiste-peintre.fr\/wp-content\/uploads\/2014\/11\/l-oeuf-150x150.jpg\" class=\"attachment-thumbnail size-thumbnail\" alt=\"\" \/><\/a>\n\t\t\t<\/div><\/figure><figure class='gallery-item'>\n\t\t\t<div class='gallery-icon portrait'>\n\t\t\t\t<a href='https:\/\/segura-artiste-peintre.fr\/wp-content\/uploads\/2014\/11\/Le_philosophe.jpg'><img loading=\"lazy\" decoding=\"async\" width=\"150\" height=\"150\" src=\"https:\/\/segura-artiste-peintre.fr\/wp-content\/uploads\/2014\/11\/Le_philosophe-150x150.jpg\" class=\"attachment-thumbnail size-thumbnail\" alt=\"\" \/><\/a>\n\t\t\t<\/div><\/figure><figure class='gallery-item'>\n\t\t\t<div class='gallery-icon portrait'>\n\t\t\t\t<a href='https:\/\/segura-artiste-peintre.fr\/wp-content\/uploads\/2014\/11\/La_seductrice_2.jpg'><img loading=\"lazy\" decoding=\"async\" width=\"150\" height=\"150\" src=\"https:\/\/segura-artiste-peintre.fr\/wp-content\/uploads\/2014\/11\/La_seductrice_2-150x150.jpg\" class=\"attachment-thumbnail size-thumbnail\" alt=\"\" \/><\/a>\n\t\t\t<\/div><\/figure><figure class='gallery-item'>\n\t\t\t<div class='gallery-icon portrait'>\n\t\t\t\t<a href='https:\/\/segura-artiste-peintre.fr\/wp-content\/uploads\/2014\/11\/la_seductrice.jpg'><img loading=\"lazy\" decoding=\"async\" width=\"150\" height=\"150\" src=\"https:\/\/segura-artiste-peintre.fr\/wp-content\/uploads\/2014\/11\/la_seductrice-150x150.jpg\" class=\"attachment-thumbnail size-thumbnail\" alt=\"\" \/><\/a>\n\t\t\t<\/div><\/figure><figure class='gallery-item'>\n\t\t\t<div class='gallery-icon landscape'>\n\t\t\t\t<a href='https:\/\/segura-artiste-peintre.fr\/wp-content\/uploads\/2014\/11\/Les_suivants.jpg'><img loading=\"lazy\" decoding=\"async\" width=\"150\" height=\"150\" src=\"https:\/\/segura-artiste-peintre.fr\/wp-content\/uploads\/2014\/11\/Les_suivants-150x150.jpg\" class=\"attachment-thumbnail size-thumbnail\" alt=\"\" \/><\/a>\n\t\t\t<\/div><\/figure><figure class='gallery-item'>\n\t\t\t<div class='gallery-icon landscape'>\n\t\t\t\t<a href='https:\/\/segura-artiste-peintre.fr\/wp-content\/uploads\/2014\/11\/La_legerete_2.jpg'><img loading=\"lazy\" decoding=\"async\" width=\"150\" height=\"150\" src=\"https:\/\/segura-artiste-peintre.fr\/wp-content\/uploads\/2014\/11\/La_legerete_2-150x150.jpg\" class=\"attachment-thumbnail size-thumbnail\" alt=\"\" \/><\/a>\n\t\t\t<\/div><\/figure><figure class='gallery-item'>\n\t\t\t<div class='gallery-icon portrait'>\n\t\t\t\t<a href='https:\/\/segura-artiste-peintre.fr\/wp-content\/uploads\/2014\/11\/La_dame_aux_coquillages.jpg'><img loading=\"lazy\" decoding=\"async\" width=\"150\" height=\"150\" src=\"https:\/\/segura-artiste-peintre.fr\/wp-content\/uploads\/2014\/11\/La_dame_aux_coquillages-150x150.jpg\" class=\"attachment-thumbnail size-thumbnail\" alt=\"\" \/><\/a>\n\t\t\t<\/div><\/figure><figure class='gallery-item'>\n\t\t\t<div class='gallery-icon portrait'>\n\t\t\t\t<a href='https:\/\/segura-artiste-peintre.fr\/wp-content\/uploads\/2014\/11\/La-dame-de-papier.jpg'><img loading=\"lazy\" decoding=\"async\" width=\"150\" height=\"150\" src=\"https:\/\/segura-artiste-peintre.fr\/wp-content\/uploads\/2014\/11\/La-dame-de-papier-150x150.jpg\" class=\"attachment-thumbnail size-thumbnail\" alt=\"\" \/><\/a>\n\t\t\t<\/div><\/figure><figure class='gallery-item'>\n\t\t\t<div class='gallery-icon landscape'>\n\t\t\t\t<a href='https:\/\/segura-artiste-peintre.fr\/wp-content\/uploads\/2014\/11\/reve_champetre.jpg'><img loading=\"lazy\" decoding=\"async\" width=\"150\" height=\"150\" src=\"https:\/\/segura-artiste-peintre.fr\/wp-content\/uploads\/2014\/11\/reve_champetre-150x150.jpg\" class=\"attachment-thumbnail size-thumbnail\" alt=\"\" \/><\/a>\n\t\t\t<\/div><\/figure><figure class='gallery-item'>\n\t\t\t<div class='gallery-icon portrait'>\n\t\t\t\t<a href='https:\/\/segura-artiste-peintre.fr\/wp-content\/uploads\/2014\/11\/Inire.jpg'><img loading=\"lazy\" decoding=\"async\" width=\"150\" height=\"150\" src=\"https:\/\/segura-artiste-peintre.fr\/wp-content\/uploads\/2014\/11\/Inire-150x150.jpg\" class=\"attachment-thumbnail size-thumbnail\" alt=\"\" \/><\/a>\n\t\t\t<\/div><\/figure><figure class='gallery-item'>\n\t\t\t<div class='gallery-icon landscape'>\n\t\t\t\t<a href='https:\/\/segura-artiste-peintre.fr\/wp-content\/uploads\/2014\/11\/allegorie_du_geometre1.jpg'><img loading=\"lazy\" decoding=\"async\" width=\"150\" height=\"150\" src=\"https:\/\/segura-artiste-peintre.fr\/wp-content\/uploads\/2014\/11\/allegorie_du_geometre1-150x150.jpg\" class=\"attachment-thumbnail size-thumbnail\" alt=\"\" \/><\/a>\n\t\t\t<\/div><\/figure><figure class='gallery-item'>\n\t\t\t<div class='gallery-icon landscape'>\n\t\t\t\t<a href='https:\/\/segura-artiste-peintre.fr\/wp-content\/uploads\/2014\/11\/la_dame_du_hasard_2.jpg'><img loading=\"lazy\" decoding=\"async\" width=\"150\" height=\"150\" src=\"https:\/\/segura-artiste-peintre.fr\/wp-content\/uploads\/2014\/11\/la_dame_du_hasard_2-150x150.jpg\" class=\"attachment-thumbnail size-thumbnail\" alt=\"\" srcset=\"https:\/\/segura-artiste-peintre.fr\/wp-content\/uploads\/2014\/11\/la_dame_du_hasard_2-150x150.jpg 150w, https:\/\/segura-artiste-peintre.fr\/wp-content\/uploads\/2014\/11\/la_dame_du_hasard_2-300x298.jpg 300w, https:\/\/segura-artiste-peintre.fr\/wp-content\/uploads\/2014\/11\/la_dame_du_hasard_2.jpg 800w\" sizes=\"auto, (max-width: 150px) 100vw, 150px\" \/><\/a>\n\t\t\t<\/div><\/figure><figure class='gallery-item'>\n\t\t\t<div class='gallery-icon portrait'>\n\t\t\t\t<a href='https:\/\/segura-artiste-peintre.fr\/wp-content\/uploads\/2014\/11\/la_transmission.jpg'><img loading=\"lazy\" decoding=\"async\" width=\"150\" height=\"150\" src=\"https:\/\/segura-artiste-peintre.fr\/wp-content\/uploads\/2014\/11\/la_transmission-150x150.jpg\" class=\"attachment-thumbnail size-thumbnail\" alt=\"\" \/><\/a>\n\t\t\t<\/div><\/figure><figure class='gallery-item'>\n\t\t\t<div class='gallery-icon landscape'>\n\t\t\t\t<a href='https:\/\/segura-artiste-peintre.fr\/wp-content\/uploads\/2014\/11\/les_potiches.jpg'><img loading=\"lazy\" decoding=\"async\" width=\"150\" height=\"150\" src=\"https:\/\/segura-artiste-peintre.fr\/wp-content\/uploads\/2014\/11\/les_potiches-150x150.jpg\" class=\"attachment-thumbnail size-thumbnail\" alt=\"\" \/><\/a>\n\t\t\t<\/div><\/figure><figure class='gallery-item'>\n\t\t\t<div class='gallery-icon portrait'>\n\t\t\t\t<a href='https:\/\/segura-artiste-peintre.fr\/wp-content\/uploads\/2014\/11\/le_mysanthrope.jpg'><img loading=\"lazy\" decoding=\"async\" width=\"150\" height=\"150\" src=\"https:\/\/segura-artiste-peintre.fr\/wp-content\/uploads\/2014\/11\/le_mysanthrope-150x150.jpg\" class=\"attachment-thumbnail size-thumbnail\" alt=\"\" \/><\/a>\n\t\t\t<\/div><\/figure><figure class='gallery-item'>\n\t\t\t<div class='gallery-icon landscape'>\n\t\t\t\t<a href='https:\/\/segura-artiste-peintre.fr\/wp-content\/uploads\/2014\/11\/Blanche_fleur.jpg'><img loading=\"lazy\" decoding=\"async\" width=\"150\" height=\"150\" src=\"https:\/\/segura-artiste-peintre.fr\/wp-content\/uploads\/2014\/11\/Blanche_fleur-150x150.jpg\" class=\"attachment-thumbnail size-thumbnail\" alt=\"\" \/><\/a>\n\t\t\t<\/div><\/figure><figure class='gallery-item'>\n\t\t\t<div class='gallery-icon portrait'>\n\t\t\t\t<a href='https:\/\/segura-artiste-peintre.fr\/wp-content\/uploads\/2014\/11\/Mademoiselle_Persona.jpg'><img loading=\"lazy\" decoding=\"async\" width=\"150\" height=\"150\" src=\"https:\/\/segura-artiste-peintre.fr\/wp-content\/uploads\/2014\/11\/Mademoiselle_Persona-150x150.jpg\" class=\"attachment-thumbnail size-thumbnail\" alt=\"\" \/><\/a>\n\t\t\t<\/div><\/figure><figure class='gallery-item'>\n\t\t\t<div class='gallery-icon portrait'>\n\t\t\t\t<a href='https:\/\/segura-artiste-peintre.fr\/wp-content\/uploads\/2014\/11\/le_reveur_de_mots.jpg'><img loading=\"lazy\" decoding=\"async\" width=\"150\" height=\"150\" src=\"https:\/\/segura-artiste-peintre.fr\/wp-content\/uploads\/2014\/11\/le_reveur_de_mots-150x150.jpg\" class=\"attachment-thumbnail size-thumbnail\" alt=\"\" \/><\/a>\n\t\t\t<\/div><\/figure><figure class='gallery-item'>\n\t\t\t<div class='gallery-icon portrait'>\n\t\t\t\t<a href='https:\/\/segura-artiste-peintre.fr\/wp-content\/uploads\/2014\/11\/la_dame_bulle.jpg'><img loading=\"lazy\" decoding=\"async\" width=\"150\" height=\"150\" src=\"https:\/\/segura-artiste-peintre.fr\/wp-content\/uploads\/2014\/11\/la_dame_bulle-150x150.jpg\" class=\"attachment-thumbnail size-thumbnail\" alt=\"\" \/><\/a>\n\t\t\t<\/div><\/figure><figure class='gallery-item'>\n\t\t\t<div class='gallery-icon landscape'>\n\t\t\t\t<a href='https:\/\/segura-artiste-peintre.fr\/wp-content\/uploads\/2014\/11\/tempesta.jpg'><img loading=\"lazy\" decoding=\"async\" width=\"150\" height=\"150\" src=\"https:\/\/segura-artiste-peintre.fr\/wp-content\/uploads\/2014\/11\/tempesta-150x150.jpg\" class=\"attachment-thumbnail size-thumbnail\" alt=\"\" \/><\/a>\n\t\t\t<\/div><\/figure><figure class='gallery-item'>\n\t\t\t<div class='gallery-icon portrait'>\n\t\t\t\t<a href='https:\/\/segura-artiste-peintre.fr\/wp-content\/uploads\/2014\/11\/suzanne_et_les_viellards.jpg'><img loading=\"lazy\" decoding=\"async\" width=\"150\" height=\"150\" src=\"https:\/\/segura-artiste-peintre.fr\/wp-content\/uploads\/2014\/11\/suzanne_et_les_viellards-150x150.jpg\" class=\"attachment-thumbnail size-thumbnail\" alt=\"\" \/><\/a>\n\t\t\t<\/div><\/figure><figure class='gallery-item'>\n\t\t\t<div class='gallery-icon portrait'>\n\t\t\t\t<a href='https:\/\/segura-artiste-peintre.fr\/wp-content\/uploads\/2014\/11\/tempus_2.jpg'><img loading=\"lazy\" decoding=\"async\" width=\"150\" height=\"150\" src=\"https:\/\/segura-artiste-peintre.fr\/wp-content\/uploads\/2014\/11\/tempus_2-150x150.jpg\" class=\"attachment-thumbnail size-thumbnail\" alt=\"\" \/><\/a>\n\t\t\t<\/div><\/figure><figure class='gallery-item'>\n\t\t\t<div class='gallery-icon portrait'>\n\t\t\t\t<a href='https:\/\/segura-artiste-peintre.fr\/wp-content\/uploads\/2014\/11\/la_dame_a_la_licorne.jpg'><img loading=\"lazy\" decoding=\"async\" width=\"150\" height=\"150\" src=\"https:\/\/segura-artiste-peintre.fr\/wp-content\/uploads\/2014\/11\/la_dame_a_la_licorne-150x150.jpg\" class=\"attachment-thumbnail size-thumbnail\" alt=\"\" \/><\/a>\n\t\t\t<\/div><\/figure><figure class='gallery-item'>\n\t\t\t<div class='gallery-icon portrait'>\n\t\t\t\t<a href='https:\/\/segura-artiste-peintre.fr\/wp-content\/uploads\/2014\/11\/mademoiselle_bataille.jpg'><img loading=\"lazy\" decoding=\"async\" width=\"150\" height=\"150\" src=\"https:\/\/segura-artiste-peintre.fr\/wp-content\/uploads\/2014\/11\/mademoiselle_bataille-150x150.jpg\" class=\"attachment-thumbnail size-thumbnail\" alt=\"\" \/><\/a>\n\t\t\t<\/div><\/figure><figure class='gallery-item'>\n\t\t\t<div class='gallery-icon landscape'>\n\t\t\t\t<a href='https:\/\/segura-artiste-peintre.fr\/wp-content\/uploads\/2014\/11\/tryptique_et_voici_lhomme.jpg'><img loading=\"lazy\" decoding=\"async\" width=\"150\" height=\"150\" src=\"https:\/\/segura-artiste-peintre.fr\/wp-content\/uploads\/2014\/11\/tryptique_et_voici_lhomme-150x150.jpg\" class=\"attachment-thumbnail size-thumbnail\" alt=\"\" \/><\/a>\n\t\t\t<\/div><\/figure>\n\t\t<\/div>\n\r\n\r\n<figure class=\"wp-block-gallery has-nested-images columns-default is-cropped wp-block-gallery-1 is-layout-flex wp-block-gallery-is-layout-flex\">\r\n<figure class=\"wp-block-image size-large\"><a href=\"https:\/\/segura-artiste-peintre.fr\/wp-content\/uploads\/2023\/10\/lallumeur-d\u00e9toiles-2-scaled.jpg\"><img decoding=\"async\" data-id=\"799\" class=\"wp-image-799\" src=\"https:\/\/segura-artiste-peintre.fr\/wp-content\/uploads\/2023\/10\/lallumeur-d\u00e9toiles-2-1024x823.jpg\" alt=\"\" \/><\/a><\/figure>\r\n\r\n\r\n<\/figure>\r\n\r\n\r\n\r\n<p>&nbsp;<\/p>\r\n\r\n\r\n","protected":false},"excerpt":{"rendered":"<p>&nbsp;<\/p>\n","protected":false},"author":1,"featured_media":0,"parent":0,"menu_order":0,"comment_status":"closed","ping_status":"closed","template":"","meta":{"footnotes":""},"class_list":["post-48","page","type-page","status-publish","hentry"],"_links":{"self":[{"href":"https:\/\/segura-artiste-peintre.fr\/index.php?rest_route=\/wp\/v2\/pages\/48","targetHints":{"allow":["GET"]}}],"collection":[{"href":"https:\/\/segura-artiste-peintre.fr\/index.php?rest_route=\/wp\/v2\/pages"}],"about":[{"href":"https:\/\/segura-artiste-peintre.fr\/index.php?rest_route=\/wp\/v2\/types\/page"}],"author":[{"embeddable":true,"href":"https:\/\/segura-artiste-peintre.fr\/index.php?rest_route=\/wp\/v2\/users\/1"}],"replies":[{"embeddable":true,"href":"https:\/\/segura-artiste-peintre.fr\/index.php?rest_route=%2Fwp%2Fv2%2Fcomments&post=48"}],"version-history":[{"count":166,"href":"https:\/\/segura-artiste-peintre.fr\/index.php?rest_route=\/wp\/v2\/pages\/48\/revisions"}],"predecessor-version":[{"id":845,"href":"https:\/\/segura-artiste-peintre.fr\/index.php?rest_route=\/wp\/v2\/pages\/48\/revisions\/845"}],"wp:attachment":[{"href":"https:\/\/segura-artiste-peintre.fr\/index.php?rest_route=%2Fwp%2Fv2%2Fmedia&parent=48"}],"curies":[{"name":"wp","href":"https:\/\/api.w.org\/{rel}","templated":true}]}}